{"id":4900,"date":"2024-05-21T20:22:04","date_gmt":"2024-05-21T20:22:04","guid":{"rendered":"https:\/\/esprodouro.com\/?post_type=courses&#038;p=4900"},"modified":"2024-08-15T12:16:11","modified_gmt":"2024-08-15T12:16:11","slug":"operador-de-informatica","status":"publish","type":"courses","link":"https:\/\/esprodouro.com\/en\/courses\/operador-de-informatica\/","title":{"rendered":"CEF &#8211; Operador\/a Inform\u00e1tica (9\u00ba ano &#8211; N\u00edvel 2)"},"content":{"rendered":"<h2>CEF em Operador\/a de Inform\u00e1tica<\/h2>\n<blockquote>\n<blockquote><p>Curso profissional de dupla certifica\u00e7\u00e3o com equival\u00eancia ao 9\u00ba ano e certifica\u00e7\u00e3o profissional de n\u00edvel 2 (necessita ter o 8\u00ba ano conclu\u00eddo para entrar)<\/p><\/blockquote>\n<h3>O teu sonho, \u00e9 o nosso desafio!<\/h3>\n<\/blockquote>\n<div><img fetchpriority=\"high\" decoding=\"async\" class=\"alignnone wp-image-18373 size-medium\" src=\"https:\/\/esprodouro.com\/wp-content\/uploads\/2024\/05\/cursos_individuais2425-07-300x300.webp\" alt=\"Cursos Individuais24.25 07\" width=\"300\" height=\"300\" srcset=\"https:\/\/esprodouro.com\/wp-content\/uploads\/2024\/05\/cursos_individuais2425-07-300x300.webp 300w, https:\/\/esprodouro.com\/wp-content\/uploads\/2024\/05\/cursos_individuais2425-07-1024x1024.webp 1024w, https:\/\/esprodouro.com\/wp-content\/uploads\/2024\/05\/cursos_individuais2425-07-150x150.webp 150w, https:\/\/esprodouro.com\/wp-content\/uploads\/2024\/05\/cursos_individuais2425-07-768x769.webp 768w, https:\/\/esprodouro.com\/wp-content\/uploads\/2024\/05\/cursos_individuais2425-07-12x12.webp 12w, https:\/\/esprodouro.com\/wp-content\/uploads\/2024\/05\/cursos_individuais2425-07.webp 1079w\" sizes=\"(max-width: 300px) 100vw, 300px\" \/><\/div>\n<div class=\"summary entry-summary\">\n<div class=\"woocommerce-product-details__short-description\">\n<div class=\"display1line-label\">\n<div><\/div>\n<div>\n<div class=\"summary entry-summary\">\n<div class=\"woocommerce-product-details__short-description\">\n<p><strong>Operador\/a de Inform\u00e1tica (N\u00edvel 2)<\/strong><\/p>\n<ul>\n<li>Um curso profissional de n\u00edvel 2, para alunos\/as com 8\u00ba ano, dando equival\u00eancia ao 9\u00ba.<\/li>\n<li>\u00c1rea de Educa\u00e7\u00e3o e Forma\u00e7\u00e3o: <strong>481 \u2013 Ci\u00eancias Inform\u00e1ticas<\/strong><\/li>\n<li>N\u00edvel de Qualifica\u00e7\u00e3o do QNQ: <strong>N\u00edvel 2<\/strong><\/li>\n<li>N\u00edvel de Qualifica\u00e7\u00e3o do QEQ: <strong>N\u00edvel 2<\/strong><\/li>\n<li>Total de pontos de cr\u00e9dito: <strong>138,75<\/strong><\/li>\n<\/ul>\n<div class=\"display1line-label\">\n<div>\n<div class=\"display1line-label\">\n<h2><strong>Sa\u00eddas Profissionais<\/strong><\/h2>\n<\/div>\n<\/div>\n<\/div>\n<\/div>\n<\/div>\n<h4>Descri\u00e7\u00e3o Geral<\/h4>\n<p>Al\u00e9m de terminar o 9\u00ba ano, o aluno\/a com esta sa\u00edda ficar\u00e1 apto\/a a efetuar a instala\u00e7\u00e3o, a configura\u00e7\u00e3o e a opera\u00e7\u00e3o de software de escrit\u00f3rio, redes locais, Internet e outras aplica\u00e7\u00f5es inform\u00e1ticas, bem como, a manuten\u00e7\u00e3o de computadores, perif\u00e9ricos e redes locais, tendo em conta as especifica\u00e7\u00f5es t\u00e9cnicas dos equipamentos inform\u00e1ticos e os instrumentos e ferramentas adequados e respeitando as normas de seguran\u00e7a, higiene e sa\u00fade no trabalho e de prote\u00e7\u00e3o do ambiente.<\/p>\n<h4>Atividades Principais<\/h4>\n<ul>\n<li>Efetuar a instala\u00e7\u00e3o e manuten\u00e7\u00e3o de computadores e sistemas operativos, aplicando as t\u00e9cnicas e procedimentos de gest\u00e3o e organiza\u00e7\u00e3o da informa\u00e7\u00e3o, tendo em conta a otimiza\u00e7\u00e3o do seu funcionamento.\n<ol>\n<li>Instalar, reparar e efetuar a manuten\u00e7\u00e3o de computadores e outros equipamentos inform\u00e1ticos, com vista a assegurar o funcionamento dos mesmos;<\/li>\n<li>Instalar, configurar, operar e efetuar a manuten\u00e7\u00e3o de sistemas operativos e <em>software<\/em> utilit\u00e1rio, de acordo com o perfil de cada utilizador;<\/li>\n<li>Proceder a opera\u00e7\u00f5es de gest\u00e3o e organiza\u00e7\u00e3o da informa\u00e7\u00e3o, tendo em conta as necessidades dos utilizadores e a efic\u00e1cia do funcionamento dos equipamentos inform\u00e1ticos.<\/li>\n<\/ol>\n<\/li>\n<li>Instalar, configurar e operar com <em>software<\/em> de escrit\u00f3rio, nomeadamente, editar documentos e folhas de c\u00e1lculo e elaborar apresenta\u00e7\u00f5es gr\u00e1ficas.<\/li>\n<li>Efetuar a instala\u00e7\u00e3o e a manuten\u00e7\u00e3o operacional de aplica\u00e7\u00f5es de gest\u00e3o administrativa, incluindo a administra\u00e7\u00e3o de <em>software<\/em> de gest\u00e3o de base de dados.<\/li>\n<li>Efetuar a instala\u00e7\u00e3o, configura\u00e7\u00e3o, opera\u00e7\u00e3o e manuten\u00e7\u00e3o de computadores e impressoras em redes locais.\n<ol>\n<li>Instalar, configurar e efetuar a manuten\u00e7\u00e3o do equipamento ligado em rede;<\/li>\n<li>Instalar, configurar e efetuar a manuten\u00e7\u00e3o do equipamento ligado \u00e0 rede<em> Internet<\/em>, por meio de routers ou rede local.<\/li>\n<\/ol>\n<\/li>\n<\/ul>\n<\/div>\n<\/div>\n<\/div>\n<div class=\"product_meta\">\n<div>Inscreve-te aqui ou contacta os Servi\u00e7os da ESPRODOURO<\/div>\n<div><strong>254 481 033 \u2013 geral@esprodouro.com<\/strong><\/div>\n<div>\n<div class=\"woocommerce-product-details__short-description\">\n<div class=\"display1line-label\">\n<div>\n<p>Faz o 9\u00ba ano e garante uma entrada para um futuro mais pr\u00e1tico! Queres saber mais do teu curso?<\/p>\n<\/div>\n<\/div>\n<\/div>\n<\/div>\n<div>\n<ul>\n<li>Ver no Cat\u00e1logo Nacional de Qualifica\u00e7\u00f5es &#8211; <a href=\"https:\/\/catalogo.anqep.gov.pt\/qualificacoesDetalhe\/894\">AQUI<\/a><\/li>\n<li>Ver referencial de forma\u00e7\u00e3o &#8211; <a href=\"https:\/\/esprodouro.com\/wp-content\/uploads\/2023\/05\/481038_Referencial-de-Dupla-Certificacao_object-Object-2.pdf\">AQUI<\/a><\/li>\n<li>Queres saber mais sobre o nosso projeto educativo, v\u00ea <a href=\"https:\/\/esprodouro.com\/en\/projeto-educativo-20-30\/\">AQUI<\/a><\/li>\n<\/ul>\n<p><img decoding=\"async\" class=\"aligncenter wp-image-18343 size-large\" src=\"https:\/\/esprodouro.com\/wp-content\/uploads\/2020\/04\/Tarja_Financiamentos_com-logo-2024Cor-01-01-1024x72.png\" alt=\"Tarja Financiamentos Com Logo 2024(cor) 01 01\" width=\"1024\" height=\"72\" \/><\/p>\n<\/div>\n<\/div>\n<\/div>","protected":false},"excerpt":{"rendered":"<p>O Operador de Inform\u00e1tica \u00e9 o profissional que efetua a instala\u00e7\u00e3o, a configura\u00e7\u00e3o e a opera\u00e7\u00e3o de opera\u00e7\u00e3o\u00a0de\u00a0software\u00a0de\u00a0escrit\u00f3rio,\u00a0redes locais, Internet e outras aplica\u00e7\u00f5es inform\u00e1ticas, bem como a manuten\u00e7\u00e3o de computadores, perif\u00e9ricos e redes locais, tendo em conta as especifica\u00e7\u00f5es t\u00e9cnicas dos equipamentos inform\u00e1ticos e o instrumentos e ferramentas adequados e respeitando as normas de seguran\u00e7a, higiene e sa\u00fade no trabalho e de prote\u00e7\u00e3o do ambiente.<\/p>","protected":false},"author":5,"featured_media":18353,"template":"","course-category":[57],"course-tag":[139,140,141,142],"class_list":["post-4900","courses","type-courses","status-publish","has-post-thumbnail","hentry","course-category-cef","course-tag-cef","course-tag-esprodouro","course-tag-informatica","course-tag-operador"],"blocksy_meta":{"styles_descriptor":{"styles":{"desktop":"","tablet":"","mobile":""},"google_fonts":[],"version":6}},"_links":{"self":[{"href":"https:\/\/esprodouro.com\/en\/wp-json\/wp\/v2\/courses\/4900","targetHints":{"allow":["GET"]}}],"collection":[{"href":"https:\/\/esprodouro.com\/en\/wp-json\/wp\/v2\/courses"}],"about":[{"href":"https:\/\/esprodouro.com\/en\/wp-json\/wp\/v2\/types\/courses"}],"author":[{"embeddable":true,"href":"https:\/\/esprodouro.com\/en\/wp-json\/wp\/v2\/users\/5"}],"version-history":[{"count":0,"href":"https:\/\/esprodouro.com\/en\/wp-json\/wp\/v2\/courses\/4900\/revisions"}],"wp:featuredmedia":[{"embeddable":true,"href":"https:\/\/esprodouro.com\/en\/wp-json\/wp\/v2\/media\/18353"}],"wp:attachment":[{"href":"https:\/\/esprodouro.com\/en\/wp-json\/wp\/v2\/media?parent=4900"}],"wp:term":[{"taxonomy":"course-category","embeddable":true,"href":"https:\/\/esprodouro.com\/en\/wp-json\/wp\/v2\/course-category?post=4900"},{"taxonomy":"course-tag","embeddable":true,"href":"https:\/\/esprodouro.com\/en\/wp-json\/wp\/v2\/course-tag?post=4900"}],"curies":[{"name":"wp","href":"https:\/\/api.w.org\/{rel}","templated":true}]}}