{"id":16,"date":"2018-02-01T13:18:54","date_gmt":"2018-02-01T13:18:54","guid":{"rendered":"https:\/\/esprodouro.com\/\/?page_id=16"},"modified":"2026-04-14T15:10:20","modified_gmt":"2026-04-14T15:10:20","slug":"regulamentos","status":"publish","type":"page","link":"https:\/\/esprodouro.com\/en\/regulamentos\/","title":{"rendered":"Regulamentos, Estatutos e Autoriza\u00e7\u00f5es"},"content":{"rendered":"<div data-elementor-type=\"wp-page\" data-elementor-id=\"16\" class=\"elementor elementor-16\">\n\t\t\t\t\t\t<section class=\"elementor-section elementor-top-section elementor-element elementor-element-49e43ed1 elementor-section-boxed elementor-section-height-default elementor-section-height-default\" data-id=\"49e43ed1\" data-element_type=\"section\" data-e-type=\"section\">\n\t\t\t\t\t\t<div class=\"elementor-container elementor-column-gap-default\">\n\t\t\t\t\t<div class=\"elementor-column elementor-col-100 elementor-top-column elementor-element elementor-element-6a5d2e19\" data-id=\"6a5d2e19\" data-element_type=\"column\" data-e-type=\"column\">\n\t\t\t<div class=\"elementor-widget-wrap elementor-element-populated\">\n\t\t\t\t\t\t<div class=\"elementor-element elementor-element-574ac58 elementor-widget elementor-widget-image\" data-id=\"574ac58\" data-element_type=\"widget\" data-e-type=\"widget\" data-widget_type=\"image.default\">\n\t\t\t\t<div class=\"elementor-widget-container\">\n\t\t\t\t\t\t\t\t\t\t\t\t\t\t\t<img decoding=\"async\" width=\"320\" height=\"100\" src=\"https:\/\/esprodouro.com\/wp-content\/uploads\/2021\/12\/logoesprodouro.webp\" class=\"attachment-large size-large wp-image-11145\" alt=\"LogoEsprodouro\" srcset=\"https:\/\/esprodouro.com\/wp-content\/uploads\/2021\/12\/logoesprodouro.webp 320w, https:\/\/esprodouro.com\/wp-content\/uploads\/2021\/12\/logoesprodouro-300x94.webp 300w, https:\/\/esprodouro.com\/wp-content\/uploads\/2021\/12\/logoesprodouro-18x6.webp 18w\" sizes=\"(max-width: 320px) 100vw, 320px\" \/>\t\t\t\t\t\t\t\t\t\t\t\t\t\t\t<\/div>\n\t\t\t\t<\/div>\n\t\t\t\t<div class=\"elementor-element elementor-element-5cbd993 elementor-widget elementor-widget-image\" data-id=\"5cbd993\" data-element_type=\"widget\" data-e-type=\"widget\" data-widget_type=\"image.default\">\n\t\t\t\t<div class=\"elementor-widget-container\">\n\t\t\t\t\t\t\t\t\t\t\t\t\t\t\t<img fetchpriority=\"high\" decoding=\"async\" width=\"1024\" height=\"93\" src=\"https:\/\/esprodouro.com\/wp-content\/uploads\/2024\/05\/tarja_financiamentos_2024cor-01-1-1024x93.webp\" class=\"attachment-large size-large wp-image-18309\" alt=\"Tarja Financiamentos 2024(cor) 01\" srcset=\"https:\/\/esprodouro.com\/wp-content\/uploads\/2024\/05\/tarja_financiamentos_2024cor-01-1-1024x93.webp 1024w, https:\/\/esprodouro.com\/wp-content\/uploads\/2024\/05\/tarja_financiamentos_2024cor-01-1-300x27.webp 300w, https:\/\/esprodouro.com\/wp-content\/uploads\/2024\/05\/tarja_financiamentos_2024cor-01-1-768x70.webp 768w, https:\/\/esprodouro.com\/wp-content\/uploads\/2024\/05\/tarja_financiamentos_2024cor-01-1-18x2.webp 18w, https:\/\/esprodouro.com\/wp-content\/uploads\/2024\/05\/tarja_financiamentos_2024cor-01-1.webp 1241w\" sizes=\"(max-width: 1024px) 100vw, 1024px\" \/>\t\t\t\t\t\t\t\t\t\t\t\t\t\t\t<\/div>\n\t\t\t\t<\/div>\n\t\t\t\t<div class=\"elementor-element elementor-element-9b7fa1a elementor-widget elementor-widget-heading\" data-id=\"9b7fa1a\" data-element_type=\"widget\" data-e-type=\"widget\" data-widget_type=\"heading.default\">\n\t\t\t\t<div class=\"elementor-widget-container\">\n\t\t\t\t\t<h2 class=\"elementor-heading-title elementor-size-default\">Consulte aqui todos os regulamentos e normativos da ESPRODOURO<\/h2>\t\t\t\t<\/div>\n\t\t\t\t<\/div>\n\t\t\t\t<div class=\"elementor-element elementor-element-63230dd elementor-tabs-view-horizontal elementor-widget elementor-widget-tabs\" data-id=\"63230dd\" data-element_type=\"widget\" data-e-type=\"widget\" data-widget_type=\"tabs.default\">\n\t\t\t\t<div class=\"elementor-widget-container\">\n\t\t\t\t\t\t\t<div class=\"elementor-tabs\">\n\t\t\t<div class=\"elementor-tabs-wrapper\" role=\"tablist\" >\n\t\t\t\t\t\t\t\t\t<div id=\"elementor-tab-title-1031\" class=\"elementor-tab-title elementor-tab-desktop-title\" aria-selected=\"true\" data-tab=\"1\" role=\"tab\" tabindex=\"0\" aria-controls=\"elementor-tab-content-1031\" aria-expanded=\"false\">ORG\u00c3OS<\/div>\n\t\t\t\t\t\t\t\t\t<div id=\"elementor-tab-title-1032\" class=\"elementor-tab-title elementor-tab-desktop-title\" aria-selected=\"false\" data-tab=\"2\" role=\"tab\" tabindex=\"-1\" aria-controls=\"elementor-tab-content-1032\" aria-expanded=\"false\">ESTATUTOS<\/div>\n\t\t\t\t\t\t\t\t\t<div id=\"elementor-tab-title-1033\" class=\"elementor-tab-title elementor-tab-desktop-title\" aria-selected=\"false\" data-tab=\"3\" role=\"tab\" tabindex=\"-1\" aria-controls=\"elementor-tab-content-1033\" aria-expanded=\"false\">REGULAMENTOS<\/div>\n\t\t\t\t\t\t\t\t\t<div id=\"elementor-tab-title-1034\" class=\"elementor-tab-title elementor-tab-desktop-title\" aria-selected=\"false\" data-tab=\"4\" role=\"tab\" tabindex=\"-1\" aria-controls=\"elementor-tab-content-1034\" aria-expanded=\"false\">DIREITOS E DEVERES<\/div>\n\t\t\t\t\t\t\t\t\t<div id=\"elementor-tab-title-1035\" class=\"elementor-tab-title elementor-tab-desktop-title\" aria-selected=\"false\" data-tab=\"5\" role=\"tab\" tabindex=\"-1\" aria-controls=\"elementor-tab-content-1035\" aria-expanded=\"false\">DOCUMENTOS PEDAG\u00d3GICOS<\/div>\n\t\t\t\t\t\t\t\t\t<div id=\"elementor-tab-title-1036\" class=\"elementor-tab-title elementor-tab-desktop-title\" aria-selected=\"false\" data-tab=\"6\" role=\"tab\" tabindex=\"-1\" aria-controls=\"elementor-tab-content-1036\" aria-expanded=\"false\">LEGISLA\u00c7\u00c3O<\/div>\n\t\t\t\t\t\t\t\t\t<div id=\"elementor-tab-title-1037\" class=\"elementor-tab-title elementor-tab-desktop-title\" aria-selected=\"false\" data-tab=\"7\" role=\"tab\" tabindex=\"-1\" aria-controls=\"elementor-tab-content-1037\" aria-expanded=\"false\">AUTORIZA\u00c7\u00d5ES DE FUNCIONAMENTO<\/div>\n\t\t\t\t\t\t\t\t\t<div id=\"elementor-tab-title-1038\" class=\"elementor-tab-title elementor-tab-desktop-title\" aria-selected=\"false\" data-tab=\"8\" role=\"tab\" tabindex=\"-1\" aria-controls=\"elementor-tab-content-1038\" aria-expanded=\"false\">CIRCULARES ESPRODOURO<\/div>\n\t\t\t\t\t\t\t<\/div>\n\t\t\t<div class=\"elementor-tabs-content-wrapper\" role=\"tablist\" aria-orientation=\"vertical\">\n\t\t\t\t\t\t\t\t\t<div class=\"elementor-tab-title elementor-tab-mobile-title\" aria-selected=\"true\" data-tab=\"1\" role=\"tab\" tabindex=\"0\" aria-controls=\"elementor-tab-content-1031\" aria-expanded=\"false\">ORG\u00c3OS<\/div>\n\t\t\t\t\t<div id=\"elementor-tab-content-1031\" class=\"elementor-tab-content elementor-clearfix\" data-tab=\"1\" role=\"tabpanel\" aria-labelledby=\"elementor-tab-title-1031\" tabindex=\"0\" hidden=\"false\"><p><strong>Org\u00e3os da ASDOURO<\/strong><\/p><p><a href=\"https:\/\/esprodouro.com\/wp-content\/uploads\/2024\/10\/ORG.pdf\">Org\u00e3o da Dire\u00e7\u00e3o da Escola<\/a><\/p><p><a href=\"https:\/\/esprodouro.com\/wp-content\/uploads\/2025\/01\/Organograma2025.pdf\">Organograma ASDOURO<\/a><\/p><\/div>\n\t\t\t\t\t\t\t\t\t<div class=\"elementor-tab-title elementor-tab-mobile-title\" aria-selected=\"false\" data-tab=\"2\" role=\"tab\" tabindex=\"-1\" aria-controls=\"elementor-tab-content-1032\" aria-expanded=\"false\">ESTATUTOS<\/div>\n\t\t\t\t\t<div id=\"elementor-tab-content-1032\" class=\"elementor-tab-content elementor-clearfix\" data-tab=\"2\" role=\"tabpanel\" aria-labelledby=\"elementor-tab-title-1032\" tabindex=\"0\" hidden=\"hidden\"><p><a href=\"https:\/\/esprodouro.com\/\/wp-content\/uploads\/2020\/02\/Estatutos-ESPRODOURO-2020-4.pdf\" target=\"_blank\" rel=\"noreferrer noopener\" aria-label=\"Estatutos ESPRODOURO - Aprovados em 11 de fevereiro de 2020 (abre num novo separador)\">Estatutos ESPRODOURO &#8211; Aprovados em 11 de fevereiro de 2020<\/a><\/p><p><a href=\"https:\/\/esprodouro.com\/wp-content\/uploads\/2025\/01\/Estatutos_20250109152316-1-1.pdf\">Estatutos ESPRODOURO &#8211; Aprovados em 18 de dezembro de 2024<\/a><\/p><p><a href=\"https:\/\/dre.pt\/web\/guest\/pesquisa\/-\/search\/8807580\/details\/normal?q=associa\u00e7\u00e3o+de+alunos+da+esprodouro\">Estatutos da Associa\u00e7\u00e3o de Estudantes da ESPRODOURO<\/a><\/p><p><a href=\"https:\/\/esprodouro.com\/\/wp-content\/uploads\/2020\/02\/Estatutos-Associa\u00e7\u00e3o-de-Pais-da-Esprodouro.pdf\" target=\"_blank\" rel=\"noreferrer noopener\" aria-label=\"Estatutos da Associa\u00e7\u00e3o de Pais da ESPRODOURO (abre num novo separador)\">Estatutos da Associa\u00e7\u00e3o de Pais da ESPRODOURO<\/a><\/p><\/div>\n\t\t\t\t\t\t\t\t\t<div class=\"elementor-tab-title elementor-tab-mobile-title\" aria-selected=\"false\" data-tab=\"3\" role=\"tab\" tabindex=\"-1\" aria-controls=\"elementor-tab-content-1033\" aria-expanded=\"false\">REGULAMENTOS<\/div>\n\t\t\t\t\t<div id=\"elementor-tab-content-1033\" class=\"elementor-tab-content elementor-clearfix\" data-tab=\"3\" role=\"tabpanel\" aria-labelledby=\"elementor-tab-title-1033\" tabindex=\"0\" hidden=\"hidden\"><p><a href=\"https:\/\/esprodouro.com\/wp-content\/uploads\/2024\/10\/RI_2024_2025_V9.pdf\"><strong>Regulamento Interno<\/strong>(Vers\u00e3o 9 &#8211; aprovado em 03\/09\/2024)<\/a><\/p><p><strong><a href=\"https:\/\/esprodouro.com\/wp-content\/uploads\/2023\/09\/RegulamentoFCT.pdf\" target=\"_blank\" rel=\"noreferrer noopener\" aria-label=\" (abre num novo separador)\">Regulamento de FCT &#8211; Forma\u00e7\u00e3o em Contexto de Trabalho<\/a><\/strong><a href=\"https:\/\/esprodouro.com\/wp-content\/uploads\/2023\/09\/RegulamentoFCT.pdf\" target=\"_blank\" rel=\"noreferrer noopener\" aria-label=\" (abre num novo separador)\"> (aprovado em 19-7-2023)<\/a><\/p><p><strong><a href=\"https:\/\/esprodouro.com\/wp-content\/uploads\/2023\/09\/RegulamentoPAP.pdf\" target=\"_blank\" rel=\"noreferrer noopener\" aria-label=\" (abre num novo separador)\">Regulamento de PAP &#8211; Provas de Aptid\u00e3o Profissional <\/a><\/strong><a href=\"https:\/\/esprodouro.com\/\/wp-content\/uploads\/2019\/09\/Regulamento_PAP_Aprovado.pdf\" target=\"_blank\" rel=\"noreferrer noopener\" aria-label=\" (abre num novo separador)\">(aprovado em 19-7-2023)<\/a><\/p><p><a href=\"https:\/\/esprodouro.com\/wp-content\/uploads\/2023\/09\/EB212.pdf\"><strong>Regulamento de ECT &#8211; Est\u00e1gio em Contexto de Trabalho (CEF &#8211; 9\u00ba Ano)<\/strong> &#8211; (aprovado em 19-7-2023)<\/a><\/p><p><strong><a href=\"https:\/\/esprodouro.com\/wp-content\/uploads\/2020\/04\/Reg_Educacao_Inclusiva.pdf\">Regulamento de Educa\u00e7\u00e3o Inclusiva<\/a><\/strong><\/p><p><a href=\"https:\/\/esprodouro.com\/wp-content\/uploads\/2020\/04\/Regime_matricula.pdf\"><strong>Regime de matr\u00edcula<\/strong> (excerto do Regulamento Interno)<\/a><\/p><p><strong><a href=\"https:\/\/esprodouro.com\/wp-content\/uploads\/2020\/04\/Regime_avaliacao.pdf\">Regime de avalia\u00e7\u00e3o<\/a><\/strong><\/p><p><strong><a href=\"https:\/\/esprodouro.com\/wp-content\/uploads\/2020\/04\/Regime_frequencia.pdf\">Regime de frequ\u00eancia<\/a><\/strong><\/p><p><strong><a href=\"https:\/\/esprodouro.com\/wp-content\/uploads\/2020\/04\/Precario.pdf\">PRE\u00c7\u00c1RIO<\/a><\/strong><\/p><\/div>\n\t\t\t\t\t\t\t\t\t<div class=\"elementor-tab-title elementor-tab-mobile-title\" aria-selected=\"false\" data-tab=\"4\" role=\"tab\" tabindex=\"-1\" aria-controls=\"elementor-tab-content-1034\" aria-expanded=\"false\">DIREITOS E DEVERES<\/div>\n\t\t\t\t\t<div id=\"elementor-tab-content-1034\" class=\"elementor-tab-content elementor-clearfix\" data-tab=\"4\" role=\"tabpanel\" aria-labelledby=\"elementor-tab-title-1034\" tabindex=\"0\" hidden=\"hidden\"><p><strong><a href=\"https:\/\/esprodouro.com\/wp-content\/uploads\/2020\/04\/Mecanismos_orienta\u00e7\u00e3o_apoio_tutorial.pdf\">Mecanismos de orienta\u00e7\u00e3o e apoio tutorial<\/a><\/strong><\/p><p><strong><a href=\"https:\/\/esprodouro.com\/wp-content\/uploads\/2020\/04\/Direitos_deveres_aluno.pdf\">Direitos e deveres dos alunos<\/a><\/strong><\/p><\/div>\n\t\t\t\t\t\t\t\t\t<div class=\"elementor-tab-title elementor-tab-mobile-title\" aria-selected=\"false\" data-tab=\"5\" role=\"tab\" tabindex=\"-1\" aria-controls=\"elementor-tab-content-1035\" aria-expanded=\"false\">DOCUMENTOS PEDAG\u00d3GICOS<\/div>\n\t\t\t\t\t<div id=\"elementor-tab-content-1035\" class=\"elementor-tab-content elementor-clearfix\" data-tab=\"5\" role=\"tabpanel\" aria-labelledby=\"elementor-tab-title-1035\" tabindex=\"0\" hidden=\"hidden\"><p><b><a href=\"https:\/\/esprodouro.com\/wp-content\/uploads\/2025\/01\/Manual_dos_Alunos_e_EE_2024-2025-compactado-1.pdf\">Manual de Acolhimento -Alunos e Encarregados de Educa\u00e7\u00e3o<\/a>\u00a0<\/b><\/p><p><strong><a href=\"https:\/\/esprodouro.com\/wp-content\/uploads\/2025\/01\/Manual_do_Colaborador_2024-2025_20250120112858-compactado.pdf\">Manual de Acolhimento &#8211; Docentes e Colaboradores<\/a><\/strong><\/p><p><a href=\"https:\/\/esprodouro.com\/wp-content\/uploads\/2024\/09\/Calendario-Escolar-2024-2025-Calendario-24_25.pdf\" target=\"_blank\" rel=\"noreferrer noopener\" data-type=\"page\" data-id=\"5198\"><strong>Calend\u00e1rio Escolar 2024-2025 <\/strong>(aprovado em 3-9-2024)<\/a><\/p><p><a href=\"https:\/\/esprodouro.com\/wp-content\/uploads\/2023\/04\/Projeto20Educativo20Esprodouro2020-30_R22023-compressed_compressed-compactado.pdf\" target=\"_blank\" rel=\"noreferrer noopener\" data-type=\"page\" data-id=\"5192\"><strong>Projeto Educativo 2020-2030 &#8211; Vers\u00e3o 2 <\/strong>(aprovado em 24-2-2023)<\/a><\/p><p><strong><a href=\"https:\/\/esprodouro.com\/wp-content\/uploads\/2025\/01\/Manual_de_Procedimentos_EMAEI.docx_1_20250120112909.pdf\">Manual de Procedimentos EMAEI<\/a><\/strong><\/p><\/div>\n\t\t\t\t\t\t\t\t\t<div class=\"elementor-tab-title elementor-tab-mobile-title\" aria-selected=\"false\" data-tab=\"6\" role=\"tab\" tabindex=\"-1\" aria-controls=\"elementor-tab-content-1036\" aria-expanded=\"false\">LEGISLA\u00c7\u00c3O<\/div>\n\t\t\t\t\t<div id=\"elementor-tab-content-1036\" class=\"elementor-tab-content elementor-clearfix\" data-tab=\"6\" role=\"tabpanel\" aria-labelledby=\"elementor-tab-title-1036\" tabindex=\"0\" hidden=\"hidden\"><p>Aqui fica alguma legisla\u00e7\u00e3o importante que disponibiliz\u00e1mos no \u00e2mbito da pol\u00edtica de transpar\u00eancia da nossa escola:<\/p><p><a href=\"https:\/\/data.dre.pt\/eli\/lei\/58\/2019\/08\/08\/p\/dre\">Lei da Prote\u00e7\u00e3o de Dados<\/a><\/p><p><a href=\"https:\/\/diariodarepublica.pt\/dr\/detalhe\/despacho\/4472-a-2026-1081867449\">Despacho n.\u00ba 4472-A\/2026<\/a>\u00a0\u2013 define o calend\u00e1rio das matr\u00edculas e respetivas renova\u00e7\u00f5es, bem como dos prazos que \u00addestes dependam, para a educa\u00e7\u00e3o pr\u00e9-escolar e os ensinos b\u00e1sico e secund\u00e1rio.<\/p><p><a href=\"https:\/\/dre.pt\/home\/-\/dre\/123962165\/details\/maximized\">Despacho n.\u00ba 7247\/2019<\/a> \u2013 Estabelece as medidas administrativas para implementa\u00e7\u00e3o do previsto no n.\u00ba 1 do artigo 12.\u00ba da Lei n.\u00ba 38\/2018, de 7 de agosto<\/p><p><a href=\"http:\/\/data.dre.pt\/eli\/dec-lei\/54\/2018\/07\/06\/p\/dre\/pt\/html\">Decreto de Lei n.\u00ba 54\/2018 de 6 de julho<\/a> \u2013 Estabelece o regime jur\u00eddico da educa\u00e7\u00e3o inclusiva<\/p><p><a href=\"http:\/\/data.dre.pt\/eli\/dec-lei\/55\/2018\/07\/06\/p\/dre\/pt\/html\">Decreto de Lei .\u00ba 55\/2018 de 6 de julho<\/a> \u2013 Estabelece o curr\u00edculo dos ensinos b\u00e1sico e secund\u00e1rio e os princ\u00edpios orientadores da avalia\u00e7\u00e3o das aprendizagens<\/p><p><a href=\"http:\/\/data.dre.pt\/eli\/port\/235-a\/2018\/08\/23\/p\/dre\/pt\/html\">Portaria n.\u00ba 235-A\/2018 de 23 de agosto<\/a> \u2013 Procede \u00e0 regulamenta\u00e7\u00e3o dos cursos profissionais a que se referem as al\u00edneas a) do n.\u00ba 1 do artigo 9.\u00ba do <a href=\"https:\/\/dre.pt\/web\/guest\/pesquisa\/-\/search\/628017\/details\/normal?l=1&quot; target=&quot;_blank\">Decreto-Lei n.\u00ba 396\/2007, de 31 de dezembro<\/a>, na sua reda\u00e7\u00e3o atual, e b) do n.\u00ba 4 do artigo 7.\u00ba do <a href=\"https:\/\/dre.pt\/web\/guest\/pesquisa\/-\/search\/115652962\/details\/normal?l=1\">Decreto-Lei n.\u00ba 55\/2018, de 6 de julho<\/a><\/p><p><a href=\"https:\/\/data.dre.pt\/eli\/lei\/38\/2018\/08\/07\/p\/dre\/pt\/html\">Lei n.\u00ba 38\/2018<\/a> &#8211; Direito \u00e0 autodetermina\u00e7\u00e3o da identidade de g\u00e9nero e express\u00e3o de g\u00e9nero e \u00e0 prote\u00e7\u00e3o das caracter\u00edsticas sexuais de cada pessoa<\/p><p><a href=\"https:\/\/data.dre.pt\/eli\/dec-lei\/92\/2014\/06\/20\/p\/dre\/pt\/html\">Decreto-Lei n.\u00ba 92\/2014<\/a> \u2013 Estabelece o regime jur\u00eddico das escolas profissionais privadas e p\u00fablicas<\/p><p><a href=\"https:\/\/dge.mec.pt\/sites\/default\/files\/Curriculo\/Projeto_Autonomia_e_Flexibilidade\/perfil_dos_alunos.pdf\">Perfil dos Alunos \u00e0 Sa\u00edda da Escolaridade Obrigat\u00f3ria<\/a><\/p><p><a href=\"http:\/\/www.dge.mec.pt\/sites\/default\/files\/Projetos_Curriculares\/Aprendizagens_Essenciais\/estrategia_cidadania_original.pdf\">Estrat\u00e9gia Nacional de Educa\u00e7\u00e3o para a Cidadania<\/a><\/p><p><a href=\"https:\/\/dre.pt\/web\/guest\/pesquisa\/-\/search\/222418\/details\/normal?p_p_auth=w6D0qG0T\">Decreto de Lei n.\u00ba 46\/86 de 14 de Outubro \u2013 Lei de Bases do Sistema Educativo<\/a><\/p><p><a href=\"http:\/\/data.dre.pt\/eli\/lei\/51\/2012\/09\/05\/p\/dre\/pt\/html\">Decreto de Lei n.\u00ba 51\/2012 de 5 de setembro<\/a> \u2013 Estatuto do Aluno e \u00c9tica Escolar<\/p><p><a href=\"http:\/\/data.dre.pt\/eli\/dec-lei\/152\/2013\/11\/04\/p\/dre\/pt\/html\">Decreto de Lei n\u00ba 152\/2013 de 4 de novembro<\/a> \u2013 Estatuto do Ensino Particular e Cooperativo<\/p><p><a href=\"https:\/\/data.dre.pt\/eli\/lei\/7\/2009\/p\/cons\/20180319\/pt\/html\">Decreto de Lei n.\u00ba 7\/2009 de 12 de fevereiro<\/a><\/p><p><a href=\"http:\/\/cite.gov.pt\/asstscite\/downloads\/legislacao\/CT20032018.pdf\">C\u00f3digo de Trabalho \u2013 Vers\u00e3o de 20 de mar\u00e7o de 2018<\/a><\/p><p><a href=\"http:\/\/bte.gep.msess.gov.pt\/completos\/2017\/bte31_2017.pdf\">Boletim do Trabalho e Emprego, n.\u00ba 31, 22\/8\/2017<\/a> \u2013 Contrato coletivo entre a Confedera\u00e7\u00e3o Nacional da Educa\u00e7\u00e3o e Forma\u00e7\u00e3o (CNEF) e a FNE \u2013 Federa\u00e7\u00e3o Nacional da Educa\u00e7\u00e3o e outros<\/p><p><a href=\"http:\/\/data.dre.pt\/eli\/lei\/109\/2009\/09\/15\/p\/dre\/pt\/html\" data-type=\"URL\" data-id=\"http:\/\/data.dre.pt\/eli\/lei\/109\/2009\/09\/15\/p\/dre\/pt\/html\">Decreto de Lei n.\u00ba 109\/2009 de 15 de setembro Lei do Cibercrime<\/a><\/p><p><a href=\"http:\/\/data.dre.pt\/eli\/lei\/51\/2012\/09\/05\/p\/dre\/pt\/html\">Decreto de Lei n.\u00ba 51\/2012 de 5 de setembro<\/a> \u2013 Estatuto do Aluno e \u00c9tica Escolar<\/p><div class=\"page\" title=\"Page 1\"><div class=\"layoutArea\"><div class=\"column\"><p><a href=\"https:\/\/files.diariodarepublica.pt\/2s\/2020\/07\/143000000\/0005000051.pdf\">Despacho n.\u00ba 7414\/2020 de 24 de julho &#8211;<\/a> Homologa as aprendizagens essenciais das disciplinas das componentes de formac\u0327a\u0303o sociocultural e cienti\u0301fica dos cursos profissionais.<\/p><\/div><\/div><\/div><p><a href=\"https:\/\/esprodouro.com\/wp-content\/uploads\/2023\/09\/0000400023.pdf\">Portaria n.\u00ba 281-B\/2023 de 13 de setembro<\/a> &#8211;\u00a0Regras a que deve obedecer o financiamento pu\u0301blico dos cursos profissionais e dos cursos de educac\u0327a\u0303o e formac\u0327a\u0303o de jovens\u00a0<\/p><div class=\"page\" title=\"Page 1\"><div class=\"layoutArea\"><div class=\"column\"><p><a href=\"https:\/\/esprodouro.com\/wp-content\/uploads\/2023\/09\/dl80a-2023.pdf\">Decreto-Lei n.\u00ba 80-A\/2023 de 6 de setembro &#8211;<\/a> Define os requisitos de formac\u0327a\u0303o cienti\u0301fica das a\u0301reas disciplinares dos grupos de recrutamento de docentes titulares de cursos po\u0301s-Bolonha em procedimentos de contratac\u0327a\u0303o de escola.<\/p><\/div><\/div><\/div><\/div>\n\t\t\t\t\t\t\t\t\t<div class=\"elementor-tab-title elementor-tab-mobile-title\" aria-selected=\"false\" data-tab=\"7\" role=\"tab\" tabindex=\"-1\" aria-controls=\"elementor-tab-content-1037\" aria-expanded=\"false\">AUTORIZA\u00c7\u00d5ES DE FUNCIONAMENTO<\/div>\n\t\t\t\t\t<div id=\"elementor-tab-content-1037\" class=\"elementor-tab-content elementor-clearfix\" data-tab=\"7\" role=\"tabpanel\" aria-labelledby=\"elementor-tab-title-1037\" tabindex=\"0\" hidden=\"hidden\"><p><a href=\"https:\/\/esprodouro.com\/wp-content\/uploads\/2022\/01\/Autorizacao_Funcionamento_73.pdf\">Autoriza\u00e7\u00e3o de Funcionamento N.\u00ba 73 &#8211; 1999<\/a><\/p><p><a href=\"https:\/\/esprodouro.com\/wp-content\/uploads\/2022\/01\/Autorizacao_Funcionamento_73_1.pdf\">Aditamento N.\u00ba 1 da Autoriza\u00e7\u00e3o de Funcionamento N.\u00ba 73 &#8211; 2000<\/a><\/p><p><a href=\"https:\/\/esprodouro.com\/wp-content\/uploads\/2022\/01\/Autorizacao_Funcionamento_73_2.pdf\">Aditamento N.\u00ba 2 da Autoriza\u00e7\u00e3o de Funcionamento N.\u00ba 73 &#8211; 2002<\/a><\/p><p><a href=\"https:\/\/esprodouro.com\/wp-content\/uploads\/2022\/01\/Autorizacao_Funcionamento_73_3.pdf\">Aditamento N.\u00ba 3 da Autoriza\u00e7\u00e3o de Funcionamento N.\u00ba 73 &#8211; 2004<\/a><\/p><p><a href=\"https:\/\/esprodouro.com\/wp-content\/uploads\/2022\/01\/Autorizacao_Funcionamento_73_4.pdf\">Aditamento N.\u00ba 4 da Autoriza\u00e7\u00e3o de Funcionamento N.\u00ba 73 &#8211; 2005<\/a><\/p><p><a href=\"https:\/\/esprodouro.com\/wp-content\/uploads\/2022\/01\/Autorizacao-No-73-5o-aditamento.pdf\">Aditamento N.\u00ba 5 da Autoriza\u00e7\u00e3o de Funcionamento N.\u00ba 73 &#8211; 2006<\/a><\/p><p><a href=\"https:\/\/esprodouro.com\/wp-content\/uploads\/2022\/01\/Autorizacao_Funcionamento_73_6.pdf\">Aditamento N.\u00ba 6 da Autoriza\u00e7\u00e3o de Funcionamento N.\u00ba 73 &#8211; 2009<\/a><\/p><p><a href=\"https:\/\/esprodouro.com\/wp-content\/uploads\/2022\/02\/Autorizacao-no-73-7o-aditamento.pdf\">Aditamento N.\u00ba 7 da Autoriza\u00e7\u00e3o de Funcionamento N.\u00ba 73 &#8211; 2012<\/a><\/p><p><a href=\"https:\/\/esprodouro.com\/wp-content\/uploads\/2022\/02\/Autorizacao-No-73-8o-Aditamento.pdf\">Aditamento N.\u00ba 8 da Autoriza\u00e7\u00e3o de Funcionamento N.\u00ba 73 &#8211; 2014<\/a><\/p><p><a href=\"https:\/\/esprodouro.com\/wp-content\/uploads\/2022\/02\/Autorizacao-no-739o-aditamento-de-2016.pdf\">Aditamento N.\u00ba 9 da Autoriza\u00e7\u00e3o de Funcionamento N.\u00ba 73 &#8211; 2016<\/a><\/p><p><a href=\"https:\/\/esprodouro.com\/wp-content\/uploads\/2022\/02\/Autorizacao-de-funcionamento-9o-aditamento-de-2017.pdf\">Aditamento N.\u00ba 9 (10) da Autoriza\u00e7\u00e3o de Funcionamento N.\u00ba 73 &#8211; 2017<\/a><\/p><p><a href=\"https:\/\/esprodouro.com\/wp-content\/uploads\/2022\/02\/Autorizacao-No-73-10o-aditamento.pdf\">Aditamento N.\u00ba 10 (11) da Autoriza\u00e7\u00e3o de Funcionamento N.\u00ba 73 &#8211; 2018<\/a><\/p><p><a href=\"https:\/\/esprodouro.com\/wp-content\/uploads\/2022\/02\/Autorizacao-No-73-12oreferencia-ao-11a-que-deve-ler-se...-Aditamento-.pdf\">Aditamento N.\u00ba 12 da Autoriza\u00e7\u00e3o de Funcionamento N.\u00ba 73 &#8211; 2019<\/a><\/p><p><a href=\"https:\/\/esprodouro.com\/wp-content\/uploads\/2022\/02\/Autorizacao-No-73-13o-Aditamento.pdf\">Aditamento N.\u00ba 13 da Autoriza\u00e7\u00e3o de Funcionamento N.\u00ba 73 &#8211; 2021<\/a><\/p><p><a href=\"https:\/\/esprodouro.com\/wp-content\/uploads\/2022\/07\/Aditamento-14-AF-73.pdf\">Aditamento N.\u00ba 14 da Autoriza\u00e7\u00e3o de Funcionamento N.\u00ba 73 &#8211; 2022<\/a><\/p><p><a href=\"https:\/\/esprodouro.com\/wp-content\/uploads\/2022\/07\/Aditamento15_AF73.pdf\">Aditamento N.\u00ba 15 da Autoriza\u00e7\u00e3o de Funcionamento N.\u00ba 73 &#8211; 2022<\/a><\/p><p><a href=\"https:\/\/esprodouro.com\/wp-content\/uploads\/2025\/04\/APF_16.pdf\">Aditamento N.\u00ba 16 da Autoriza\u00e7\u00e3o de Funcionamento N.\u00ba 73 &#8211; 2023<\/a><\/p><p><a href=\"https:\/\/esprodouro.com\/wp-content\/uploads\/2025\/05\/Aditamento17.pdf\">Aditamento N.\u00ba 17 da Autoriza\u00e7\u00e3o de Funcionamento N.\u00ba 73 &#8211; 2025<\/a><\/p><p><a href=\"https:\/\/esprodouro.com\/wp-content\/uploads\/2025\/04\/18o_aditamento_a_APF-CET_20250430160748.pdf\">Aditamento N.\u00ba 18 da Autoriza\u00e7\u00e3o de Funcionamento N.\u00ba 73 &#8211; 2025<\/a><\/p><\/div>\n\t\t\t\t\t\t\t\t\t<div class=\"elementor-tab-title elementor-tab-mobile-title\" aria-selected=\"false\" data-tab=\"8\" role=\"tab\" tabindex=\"-1\" aria-controls=\"elementor-tab-content-1038\" aria-expanded=\"false\">CIRCULARES ESPRODOURO<\/div>\n\t\t\t\t\t<div id=\"elementor-tab-content-1038\" class=\"elementor-tab-content elementor-clearfix\" data-tab=\"8\" role=\"tabpanel\" aria-labelledby=\"elementor-tab-title-1038\" tabindex=\"0\" hidden=\"hidden\"><p><strong>ANO LETIVO 19\/29<\/strong><\/p><p><a href=\"https:\/\/esprodouro.com\/wp-content\/uploads\/2022\/01\/CIRCULAR-1_19_20.pdf\">Circular N.\u00ba 1\/19_20<\/a><\/p><p><a href=\"https:\/\/esprodouro.com\/wp-content\/uploads\/2022\/01\/CIRCULAR-219_20.pdf\">Circular N.\u00ba 2\/19_20<\/a><\/p><p><a href=\"https:\/\/esprodouro.com\/wp-content\/uploads\/2022\/01\/CIRCULAR-319_20.pdf\">Circular N.\u00ba 3\/19_20<\/a><\/p><p><a href=\"https:\/\/esprodouro.com\/wp-content\/uploads\/2022\/01\/CIRCULAR-419_20-COVID19.pdf\">Circular N.\u00ba 4\/19_20<\/a><\/p><p><a href=\"https:\/\/esprodouro.com\/wp-content\/uploads\/2022\/01\/CIRCULAR-519_20-.pdf\">Circular N.\u00ba 5\/19_20<\/a><\/p><p><a href=\"https:\/\/esprodouro.com\/wp-content\/uploads\/2022\/01\/CIRCULAR-619_20-.pdf\">Circular N.\u00ba 6\/19_20<\/a><\/p><p><a href=\"https:\/\/esprodouro.com\/wp-content\/uploads\/2022\/01\/CIRCULAR-7_19_20.pdf\">Circular N.\u00ba 7\/19_20<\/a><\/p><p><a href=\"https:\/\/esprodouro.com\/wp-content\/uploads\/2022\/01\/Circular-819_20-.pdf\">Circular N.\u00ba 8\/19_20<\/a><\/p><p><a href=\"https:\/\/esprodouro.com\/wp-content\/uploads\/2022\/01\/CIRCULAR-9_19_20.pdf\">Circular N.\u00ba 9\/19_20<\/a><\/p><p><a href=\"https:\/\/esprodouro.com\/wp-content\/uploads\/2022\/01\/CIRCULAR-1019_20-.pdf\">Circular N.\u00ba 10\/19_20<\/a><\/p><p><a href=\"https:\/\/esprodouro.com\/wp-content\/uploads\/2022\/01\/CIRCULAR-11_19_20.pdf\">Circular N.\u00ba 11\/19_20<\/a><\/p><p><strong>ANO LETIVO 20\/21<\/strong><\/p><p><a href=\"https:\/\/esprodouro.com\/wp-content\/uploads\/2022\/01\/CIRCULAR-1_20_21-.pdf\">Circular N.\u00ba 1\/20_21<\/a><\/p><p><a href=\"https:\/\/esprodouro.com\/wp-content\/uploads\/2022\/01\/CIRCULAR-2_20_21-.pdf\">Circular N.\u00ba 2\/20_21<\/a><\/p><p><a href=\"https:\/\/esprodouro.com\/wp-content\/uploads\/2022\/01\/CIRCULAR-3_20_21-.pdf\">Circular N.\u00ba 3\/20_21<\/a><\/p><p><a href=\"https:\/\/esprodouro.com\/wp-content\/uploads\/2022\/01\/CIRCULAR-4_20_21-.pdf\">Circular N.\u00ba 4\/20_21<\/a><\/p><p><a href=\"https:\/\/esprodouro.com\/wp-content\/uploads\/2022\/01\/CIRCULAR-5_20_21-.pdf\">Circular N.\u00ba 5\/20_21<\/a><\/p><p><a href=\"https:\/\/esprodouro.com\/wp-content\/uploads\/2022\/01\/Circular-no-6.pdf\">Circular N.\u00ba 6\/20_21<\/a><\/p><p><a href=\"https:\/\/esprodouro.com\/wp-content\/uploads\/2022\/01\/CIRCULAR-7_20_21-.pdf\">Circular N.\u00ba 7\/20_21<\/a><\/p><p><a href=\"https:\/\/esprodouro.com\/wp-content\/uploads\/2022\/01\/Circular_8_20_21-.pdf\">Circular N.\u00ba 8\/20_21<\/a><\/p><p><a href=\"https:\/\/esprodouro.com\/wp-content\/uploads\/2022\/01\/CIRCULAR-9_20_21-.pdf\">Circular N.\u00ba 9\/20_21<\/a><\/p><p><a href=\"https:\/\/esprodouro.com\/wp-content\/uploads\/2022\/01\/CIRCULAR-10_20_21-.pdf\">Circular N.\u00ba 10\/20_21<\/a><\/p><p><a href=\"https:\/\/esprodouro.com\/wp-content\/uploads\/2022\/01\/CIRCULAR-11_20_21-.pdf\">Circular N.\u00ba 11\/20_21<\/a><\/p><p><a href=\"https:\/\/esprodouro.com\/wp-content\/uploads\/2022\/01\/CIRCULAR-12_20_21-.pdf\">Circular N.\u00ba 12\/20_21<\/a><\/p><p><a href=\"https:\/\/esprodouro.com\/wp-content\/uploads\/2022\/01\/CIRCULAR-13_20_21.pdf\">Circular N.\u00ba 13\/20_21<\/a><\/p><p><a href=\"https:\/\/esprodouro.com\/wp-content\/uploads\/2022\/01\/CIRCULAR-14_20_21-.pdf\">Circular N.\u00ba 14\/20_21<\/a><\/p><p><strong>ANO LETIVO 21\/22<\/strong><\/p><p><a href=\"https:\/\/esprodouro.com\/wp-content\/uploads\/2022\/01\/CIRCULAR-1_21_22-.pdf\">Circular N.\u00ba 1\/21_22<\/a><\/p><p><a href=\"https:\/\/esprodouro.com\/wp-content\/uploads\/2022\/01\/CIRCULAR-2_21_22-_signed.pdf\">Circular N.\u00ba 2\/21_22<\/a><\/p><p><a href=\"https:\/\/esprodouro.com\/wp-content\/uploads\/2022\/01\/CIRCULAR-3_21_22-.pdf\">Circular N.\u00ba 3\/21_22<\/a><\/p><p><a href=\"https:\/\/esprodouro.com\/wp-content\/uploads\/2022\/01\/CIRCULAR-4_21_22_signed.pdf\">Circular N.\u00ba 4\/21_22<\/a><\/p><p><a href=\"https:\/\/esprodouro.com\/wp-content\/uploads\/2022\/02\/CIRCULAR-5_21_22-_signed.pdf\">Circular N.\u00ba 5\/21_22<\/a><\/p><p><a href=\"https:\/\/esprodouro.com\/wp-content\/uploads\/2022\/02\/CIRCULAR-6_21_22-_signed.pdf\">Circular N.\u00ba 6\/21_22<\/a><\/p><p><a href=\"https:\/\/esprodouro.com\/wp-content\/uploads\/2022\/05\/CIRCULAR-7_21_22-.pdf\">Circular N.\u00ba 7\/21_22<\/a><\/p><p><a href=\"https:\/\/esprodouro.com\/wp-content\/uploads\/2022\/09\/CIRCULAR-8_21_22-.pdf\">Circular N.\u00ba 8\/21_22<\/a><\/p><p><strong>ANO LETIVO 22\/23<\/strong><\/p><p><a href=\"https:\/\/esprodouro.com\/wp-content\/uploads\/2022\/09\/CIRCULAR-1_22_23-2.pdf\">Circular N.\u00ba 1\/22_23<\/a><\/p><p><a href=\"https:\/\/esprodouro.com\/wp-content\/uploads\/2023\/09\/CIRCULAR-2_22_23-2.pdf\">Circular N.\u00ba 2\/22_23<\/a><\/p><p><a href=\"https:\/\/esprodouro.com\/wp-content\/uploads\/2023\/09\/CIRCULAR-3_22_23.pdf\">Circular N.\u00ba 3\/22_23<\/a><\/p><p><strong>ANO LETIVO 23\/24<\/strong><\/p><p><a href=\"https:\/\/esprodouro.com\/wp-content\/uploads\/2023\/09\/CIRCULAR-1_23_24-2.pdf\">Circular N.\u00ba 1\/23_24<\/a><\/p><p><a href=\"https:\/\/esprodouro.com\/wp-content\/uploads\/2024\/02\/CIRCULAR-2_23_24-.pdf\">Circular N.\u00ba 2\/23_24<\/a><\/p><p><strong>ANO LETIVO 24\/25<\/strong><\/p><p><a href=\"https:\/\/esprodouro.com\/wp-content\/uploads\/2024\/09\/CIRCULAR-1_24_25-2.pdf\">Circular N.\u00ba 1\/24_25<\/a><\/p><\/div>\n\t\t\t\t\t\t\t<\/div>\n\t\t<\/div>\n\t\t\t\t\t\t<\/div>\n\t\t\t\t<\/div>\n\t\t\t\t\t<\/div>\n\t\t<\/div>\n\t\t\t\t\t<\/div>\n\t\t<\/section>\n\t\t\t\t<\/div>","protected":false},"excerpt":{"rendered":"<p>Consulte aqui todos os regulamentos e normativos da ESPRODOURO ORG\u00c3OS ESTATUTOS REGULAMENTOS DIREITOS E DEVERES DOCUMENTOS PEDAG\u00d3GICOS LEGISLA\u00c7\u00c3O AUTORIZA\u00c7\u00d5ES DE FUNCIONAMENTO CIRCULARES ESPRODOURO ORG\u00c3OS Org\u00e3os da ASDOURO Org\u00e3o da Dire\u00e7\u00e3o da Escola Organograma ASDOURO ESTATUTOS Estatutos ESPRODOURO &#8211; Aprovados em 11 de fevereiro de 2020 Estatutos ESPRODOURO &#8211; Aprovados em 18 de dezembro de 2024 [&hellip;]<\/p>\n","protected":false},"author":4,"featured_media":0,"parent":0,"menu_order":0,"comment_status":"closed","ping_status":"closed","template":"","meta":{"slim_seo":{"title":"Regulamentos, Estatutos e Autoriza\u00e7\u00f5es - ESPRODOURO","description":"Consulte aqui todos os regulamentos e normativos da ESPRODOURO ORG\u00c3OS ESTATUTOS REGULAMENTOS DIREITOS E DEVERES DOCUMENTOS PEDAG\u00d3GICOS LEGISLA\u00c7\u00c3O AUTORIZA\u00c7\u00d5ES D"},"footnotes":""},"class_list":["post-16","page","type-page","status-publish","hentry"],"blocksy_meta":{"styles_descriptor":{"styles":{"desktop":"","tablet":"","mobile":""},"google_fonts":[],"version":6}},"_links":{"self":[{"href":"https:\/\/esprodouro.com\/en\/wp-json\/wp\/v2\/pages\/16","targetHints":{"allow":["GET"]}}],"collection":[{"href":"https:\/\/esprodouro.com\/en\/wp-json\/wp\/v2\/pages"}],"about":[{"href":"https:\/\/esprodouro.com\/en\/wp-json\/wp\/v2\/types\/page"}],"author":[{"embeddable":true,"href":"https:\/\/esprodouro.com\/en\/wp-json\/wp\/v2\/users\/4"}],"replies":[{"embeddable":true,"href":"https:\/\/esprodouro.com\/en\/wp-json\/wp\/v2\/comments?post=16"}],"version-history":[{"count":0,"href":"https:\/\/esprodouro.com\/en\/wp-json\/wp\/v2\/pages\/16\/revisions"}],"wp:attachment":[{"href":"https:\/\/esprodouro.com\/en\/wp-json\/wp\/v2\/media?parent=16"}],"curies":[{"name":"wp","href":"https:\/\/api.w.org\/{rel}","templated":true}]}}