{"id":18,"date":"2018-02-01T13:18:54","date_gmt":"2018-02-01T13:18:54","guid":{"rendered":"https:\/\/esprodouro.com\/\/?page_id=18"},"modified":"2025-09-16T08:39:10","modified_gmt":"2025-09-16T08:39:10","slug":"avaliacoes","status":"publish","type":"page","link":"https:\/\/esprodouro.com\/en\/avaliacoes\/","title":{"rendered":"Avalia\u00e7\u00f5es"},"content":{"rendered":"<h1>Avalia\u00e7\u00f5es Internas e Externas | Relat\u00f3rio OTES<\/h1>\n<header>\n<h1><strong style=\"font-size: 16px;\">IGEC &#8211; Inspec\u00e7\u00e3o Geral da Educa\u00e7\u00e3o e Ci\u00eancia<\/strong><\/h1>\n<p><em><strong><a tabindex=\"0\">Avalia\u00e7\u00f5es Externas<\/a><\/strong><\/em><\/p>\n<\/header>\n<p><a href=\"https:\/\/esprodouro.com\/wp-content\/uploads\/2025\/06\/VISEU_S_Joao_Pesqueira_AEE_ESPRODOURO_2024_2025_R_H.pdf\">Relat\u00f3rio 2024\/2025<\/a> (<a href=\"https:\/\/esprodouro.com\/wp-content\/uploads\/2025\/06\/VISEU_S_Joao_Pesqueira_AEE_ESPRODOURO_2024_2025_R_H.pdf\" target=\"_blank\" rel=\"noopener noreferrer\">aqui<\/a>)<\/p>\n<p>Relat\u00f3rio 2016 (<a href=\"https:\/\/esprodouro.com\/Documentos\/AvaliacaoExterna\/Relatorio_IGEC_2016.pdf\" target=\"_blank\" rel=\"noopener noreferrer\">aqui<\/a>)<\/p>\n<p>Acompanhamento das recomenda\u00e7\u00f5es\/sugest\u00f5es de melhoria 2017 (<a href=\"https:\/\/esprodouro.com\/Documentos\/AvaliacaoExterna\/Relatorio_IGEC_2017.pdf\" target=\"_blank\" rel=\"noopener noreferrer\">aqui<\/a>)<\/p>\n<h5>ESPRODOURO<\/h5>\n<p><em><strong><a tabindex=\"0\">Avalia\u00e7\u00f5es Internas<\/a><\/strong><\/em><\/p>\n<p><strong>Ano Letivo 2014\/2015<\/strong><\/p>\n<ul>\n<li><a href=\"\/Documentos\/AvaliacaoInterna\/AI1415P1.pdf\" target=\"_blank\" rel=\"noopener noreferrer\">1 \u00ba Per<\/a><a style=\"background-color: #ffffff;\" href=\"https:\/\/esprodouro.com\/Documentos\/AvaliacaoInterna\/AI1718P1.pdf\">\u00ed<\/a><a href=\"\/Documentos\/AvaliacaoInterna\/AI1415P1.pdf\" target=\"_blank\" rel=\"noopener noreferrer\">odo<\/a><\/li>\n<li><a href=\"\/Documentos\/AvaliacaoInterna\/AI1415P2.pdf\" target=\"_blank\" rel=\"noopener noreferrer\">2 \u00ba Per<\/a><a style=\"background-color: #ffffff;\" href=\"https:\/\/esprodouro.com\/Documentos\/AvaliacaoInterna\/AI1718P1.pdf\">\u00ed<\/a><a href=\"\/Documentos\/AvaliacaoInterna\/AI1415P2.pdf\" target=\"_blank\" rel=\"noopener noreferrer\">odo<\/a><\/li>\n<li><a href=\"\/Documentos\/AvaliacaoInterna\/AI1415P3.pdf\" target=\"_blank\" rel=\"noopener noreferrer\">3 \u00ba Per<\/a><a style=\"background-color: #ffffff;\" href=\"https:\/\/esprodouro.com\/Documentos\/AvaliacaoInterna\/AI1718P1.pdf\">\u00ed<\/a><a href=\"\/Documentos\/AvaliacaoInterna\/AI1415P3.pdf\" target=\"_blank\" rel=\"noopener noreferrer\">odo<\/a><\/li>\n<\/ul>\n<p><strong>Ano Letivo 2015\/2016<\/strong><\/p>\n<ul>\n<li><a href=\"\/Documentos\/AvaliacaoInterna\/AI1516P1.pdf\" target=\"_blank\" rel=\"noopener noreferrer\">1 \u00ba Per<\/a><a style=\"background-color: #ffffff;\" href=\"https:\/\/esprodouro.com\/Documentos\/AvaliacaoInterna\/AI1718P1.pdf\">\u00ed<\/a><a href=\"\/Documentos\/AvaliacaoInterna\/AI1516P1.pdf\" target=\"_blank\" rel=\"noopener noreferrer\">odo<\/a><\/li>\n<li><a href=\"\/Documentos\/AvaliacaoInterna\/AI1516P2.pdf\" target=\"_blank\" rel=\"noopener noreferrer\">2 \u00ba Per<\/a><a style=\"background-color: #ffffff;\" href=\"https:\/\/esprodouro.com\/Documentos\/AvaliacaoInterna\/AI1718P1.pdf\">\u00ed<\/a><a href=\"\/Documentos\/AvaliacaoInterna\/AI1516P2.pdf\" target=\"_blank\" rel=\"noopener noreferrer\">odo<\/a><\/li>\n<li><a href=\"\/Documentos\/AvaliacaoInterna\/AI1516P3.pdf\" target=\"_blank\" rel=\"noopener noreferrer\">3 \u00ba Per<\/a><a style=\"background-color: #ffffff;\" href=\"https:\/\/esprodouro.com\/Documentos\/AvaliacaoInterna\/AI1718P1.pdf\">\u00ed<\/a><a href=\"\/Documentos\/AvaliacaoInterna\/AI1516P3.pdf\" target=\"_blank\" rel=\"noopener noreferrer\">odo<\/a><\/li>\n<\/ul>\n<p><strong>Ano Letivo 2016\/2017<\/strong><\/p>\n<ul>\n<li><a href=\"\/Documentos\/AvaliacaoInterna\/AI1617P1.pdf\" target=\"_blank\" rel=\"noopener\">1 \u00ba Per<\/a><a style=\"background-color: #ffffff;\" href=\"https:\/\/esprodouro.com\/Documentos\/AvaliacaoInterna\/AI1718P1.pdf\">\u00ed<\/a><a href=\"\/Documentos\/AvaliacaoInterna\/AI1617P1.pdf\" target=\"_blank\" rel=\"noopener\">odo<\/a><\/li>\n<li><a href=\"\/Documentos\/AvaliacaoInterna\/AI1617P2.pdf\" target=\"_blank\" rel=\"noopener\">2\u00ba Per\u00edodo<\/a><\/li>\n<li><a href=\"\/Documentos\/AvaliacaoInterna\/AI1617P3.pdf\" target=\"_blank\" rel=\"noopener\">3\u00ba Per\u00edodo<\/a><\/li>\n<\/ul>\n<p><strong>Ano Letivo 2017\/2018<\/strong><\/p>\n<ul>\n<li><a href=\"\/Documentos\/AvaliacaoInterna\/AI1718P1.pdf\" target=\"_blank\" rel=\"noopener\">1\u00ba Per\u00edodo\u00a0<\/a><\/li>\n<li><a style=\"background-color: #ffffff;\" href=\"\/Documentos\/AvaliacaoInterna\/AI1718P2.pdf\" target=\"_blank\" rel=\"noopener\">2\u00ba Per\u00edodo\u00a0<\/a><\/li>\n<li><a style=\"background-color: #ffffff;\" href=\"\/Documentos\/AvaliacaoInterna\/AI1718P3.pdf\" target=\"_blank\" rel=\"noopener\">3\u00ba Per\u00edodo<\/a><\/li>\n<\/ul>\n<p>Ano Letivo 2018\/2019<\/p>\n<ul style=\"margin-right: 0px; margin-bottom: 0px; margin-left: 0px;\">\n<li><a href=\"\/Documentos\/AvaliacaoInterna\/AI1718P1.pdf\" target=\"_blank\" rel=\"noopener\">1\u00ba Per\u00edodo<\/a><\/li>\n<li><a href=\"\/Documentos\/AvaliacaoInterna\/AI1819P2.pdf\" target=\"_blank\" rel=\"noopener\">2\u00ba\u00a0Per\u00edodo<\/a><\/li>\n<li><a href=\"\/Documentos\/AvaliacaoInterna\/AI1819P3.pdf\" target=\"_blank\" rel=\"noopener\">3\u00ba Per\u00edodo\u00a0<\/a><\/li>\n<\/ul>\n<p><b>Ano Letivo 2019\/2020<\/b><\/p>\n<ul style=\"margin-right: 0px; margin-left: 0px;\">\n<li><a href=\"\/Documentos\/AvaliacaoInterna\/AI1920P1.pdf\" target=\"_blank\" rel=\"noopener\">1\u00ba\u00a0Per\u00edodo<\/a><\/li>\n<li><a href=\"\/Documentos\/AvaliacaoInterna\/AI1920P2.pdf\" target=\"_blank\" rel=\"noopener\">2\u00ba\u00a0Per\u00edodo<\/a><\/li>\n<li><a href=\"https:\/\/esprodouro.com\/wp-content\/uploads\/2025\/01\/19-20-3o.pdf\">3\u00ba Per\u00edodo\u00a0<\/a><\/li>\n<\/ul>\n<p><b>Ano Letivo 2020\/2021<\/b><\/p>\n<ul style=\"margin-right: 0px; margin-left: 0px;\">\n<li><a href=\"https:\/\/esprodouro.com\/wp-content\/uploads\/2025\/01\/20-21-1o.pdf\" target=\"_blank\" rel=\"noopener\">1\u00ba\u00a0Per\u00edodo<\/a><\/li>\n<li><a href=\"https:\/\/esprodouro.com\/wp-content\/uploads\/2025\/01\/20-21-2o.pdf\" target=\"_blank\" rel=\"noopener\">2\u00ba\u00a0Per\u00edodo<\/a><\/li>\n<li><a href=\"https:\/\/esprodouro.com\/wp-content\/uploads\/2025\/01\/20-21-3o.pdf\" target=\"_blank\" rel=\"noopener\">3\u00ba Per\u00edodo\u00a0<\/a><\/li>\n<\/ul>\n<p><b>Ano Letivo 2021\/2022<\/b><\/p>\n<ul style=\"margin-right: 0px; margin-left: 0px;\">\n<li><a href=\"https:\/\/esprodouro.com\/wp-content\/uploads\/2025\/01\/21-22-1o.pdf\" target=\"_blank\" rel=\"noopener\">1\u00ba\u00a0Per\u00edodo<\/a><\/li>\n<li><a href=\"https:\/\/esprodouro.com\/wp-content\/uploads\/2025\/01\/21-22-2o.pdf\" target=\"_blank\" rel=\"noopener\">2\u00ba\u00a0Per\u00edodo<\/a><\/li>\n<li><a href=\"https:\/\/esprodouro.com\/wp-content\/uploads\/2025\/01\/21-22-3o.pdf\" target=\"_blank\" rel=\"noopener\">3\u00ba Per\u00edodo\u00a0<\/a><\/li>\n<\/ul>\n<p><b>Ano Letivo 2022\/2023<\/b><\/p>\n<ul style=\"margin-right: 0px; margin-left: 0px;\">\n<li><a href=\"https:\/\/esprodouro.com\/wp-content\/uploads\/2025\/01\/22-23-1o.pdf\" target=\"_blank\" rel=\"noopener\">1\u00ba Semestre<\/a><\/li>\n<li><a href=\"https:\/\/esprodouro.com\/wp-content\/uploads\/2025\/01\/22-23-2o.pdf\" target=\"_blank\" rel=\"noopener\">2\u00ba Semestre<\/a><\/li>\n<\/ul>\n<p><b>Ano Letivo 2023\/2024<\/b><\/p>\n<ul style=\"margin-right: 0px; margin-left: 0px;\">\n<li><a href=\"https:\/\/esprodouro.com\/wp-content\/uploads\/2025\/01\/23-24-1o.pdf\" target=\"_blank\" rel=\"noopener\">1\u00ba Semestre<\/a><\/li>\n<li><a href=\"https:\/\/esprodouro.com\/wp-content\/uploads\/2025\/01\/23-24-2o.pdf\" target=\"_blank\" rel=\"noopener\">2\u00ba Semestre<\/a><\/li>\n<\/ul>\n<p><a tabindex=\"0\">Avalia\u00e7\u00e3o Externa &#8211; IGEC<\/a><\/p>\n<p><b>Ano Letivo 2024\/2025<\/b><\/p>\n<ul style=\"margin-right: 0px; margin-left: 0px;\">\n<li><a href=\"https:\/\/esprodouro.com\/wp-content\/uploads\/2025\/09\/Analise-dos-Resultados-1.o-Semestre-24_25.pptx-2.pdf\" target=\"_blank\" rel=\"noopener\">1\u00ba Semestre<\/a><\/li>\n<li><a href=\"https:\/\/esprodouro.com\/wp-content\/uploads\/2025\/09\/Analise-dos-Resultados-2.o-Semestre-24_25.pptx-2.pdf\" target=\"_blank\" rel=\"noopener\">2\u00ba Semestre<\/a><\/li>\n<\/ul>\n<header>\n<h1><strong style=\"font-size: 16px;\">RELAT\u00d3RIOS OTES<\/strong><\/h1>\n<\/header>\n<p><a href=\"https:\/\/esprodouro.com\/wp-content\/uploads\/2020\/04\/RelatorioOTES1617.pdf\" target=\"_blank\" rel=\"noopener\">Relat\u00f3rio OTES 2016\/17<\/a><\/p>\n<p><a style=\"background-color: #ffffff;\" href=\"https:\/\/esprodouro.com\/wp-content\/uploads\/2019\/05\/RelatorioOTES1718.pdf\" target=\"_blank\" rel=\"noopener\">Relat\u00f3rio OTES 2017\/18<\/a><\/p>\n<p><a href=\"https:\/\/esprodouro.com\/wp-content\/uploads\/2020\/04\/RelatorioOTES1819.pdf\" target=\"_blank\" rel=\"noopener\">Relat\u00f3rio OTES 2018\/19<\/a><\/p>\n<p><a href=\"https:\/\/esprodouro.com\/wp-content\/uploads\/2025\/01\/Devolucao-de-dados-Estudantes-a-said-a-do-secundario-2021-1815311-1.pdf\" target=\"_blank\" rel=\"noopener\">Relat\u00f3rio OTES 2020\/21<\/a><\/p>\n<h1><strong style=\"font-size: 16px;\">EQAVET<\/strong><\/h1>\n<p><a href=\"https:\/\/esprodouro.com\/wp-content\/uploads\/2025\/01\/12110_selo.pdf\">SELO EQAVET 23-26<\/a><\/p>\n<p><a href=\"https:\/\/esprodouro.com\/wp-content\/uploads\/2025\/01\/1573_auditoriafinal.pdf\">RELAT\u00d3RIO FINAL DE VERIFICA\u00c7\u00c3O EQAVET \u2013 2023<\/a><\/p>\n<p><strong>RELAT\u00d3RIOS:<\/strong><\/p>\n<ul>\n<li><a href=\"https:\/\/esprodouro.com\/wp-content\/uploads\/2025\/01\/Relatorio-EQAVET-2020-2021.pdf\">Relat\u00f3rio EQAVET 2020-2021<\/a><\/li>\n<li><a href=\"https:\/\/esprodouro.com\/wp-content\/uploads\/2025\/01\/Relatorio-EQAVET-21-22-1.pdf\">Relat\u00f3rio EQAVET 2021-2022<\/a><\/li>\n<li><a href=\"https:\/\/esprodouro.com\/wp-content\/uploads\/2025\/01\/Relatorio-EQAVET-2022-2023.pdf\">Relat\u00f3rio EQAVET 2022-2023<\/a><\/li>\n<li><a href=\"https:\/\/esprodouro.com\/wp-content\/uploads\/2025\/01\/Relatorio-Progresso-Anual-2023-2024.pdf\">Relat\u00f3rio EQAVET 2023-2024<\/a><\/li>\n<\/ul>\n\n\n<p><\/p>","protected":false},"excerpt":{"rendered":"<p>Avalia\u00e7\u00f5es Internas e Externas | Relat\u00f3rio OTES IGEC &#8211; Inspec\u00e7\u00e3o Geral da Educa\u00e7\u00e3o e Ci\u00eancia Avalia\u00e7\u00f5es Externas Relat\u00f3rio 2024\/2025 (aqui) Relat\u00f3rio 2016 (aqui) Acompanhamento das recomenda\u00e7\u00f5es\/sugest\u00f5es de melhoria 2017 (aqui) ESPRODOURO Avalia\u00e7\u00f5es Internas Ano Letivo 2014\/2015 1 \u00ba Per\u00edodo 2 \u00ba Per\u00edodo 3 \u00ba Per\u00edodo Ano Letivo 2015\/2016 1 \u00ba Per\u00edodo 2 \u00ba Per\u00edodo 3 [&hellip;]<\/p>\n","protected":false},"author":267,"featured_media":525,"parent":0,"menu_order":0,"comment_status":"closed","ping_status":"closed","template":"","meta":{"slim_seo":{"title":"Avalia\u00e7\u00f5es - ESPRODOURO","description":"Avalia\u00e7\u00f5es Internas e Externas | Relat\u00f3rio OTES IGEC - Inspec\u00e7\u00e3o Geral da Educa\u00e7\u00e3o e Ci\u00eancia Avalia\u00e7\u00f5es Externas Relat\u00f3rio 2024\/2025 ( aqui ) Relat\u00f3rio 2016 ( a"},"footnotes":""},"class_list":["post-18","page","type-page","status-publish","has-post-thumbnail","hentry"],"blocksy_meta":{"styles_descriptor":{"styles":{"desktop":"","tablet":"","mobile":""},"google_fonts":[],"version":6}},"_links":{"self":[{"href":"https:\/\/esprodouro.com\/en\/wp-json\/wp\/v2\/pages\/18","targetHints":{"allow":["GET"]}}],"collection":[{"href":"https:\/\/esprodouro.com\/en\/wp-json\/wp\/v2\/pages"}],"about":[{"href":"https:\/\/esprodouro.com\/en\/wp-json\/wp\/v2\/types\/page"}],"author":[{"embeddable":true,"href":"https:\/\/esprodouro.com\/en\/wp-json\/wp\/v2\/users\/267"}],"replies":[{"embeddable":true,"href":"https:\/\/esprodouro.com\/en\/wp-json\/wp\/v2\/comments?post=18"}],"version-history":[{"count":0,"href":"https:\/\/esprodouro.com\/en\/wp-json\/wp\/v2\/pages\/18\/revisions"}],"wp:featuredmedia":[{"embeddable":true,"href":"https:\/\/esprodouro.com\/en\/wp-json\/wp\/v2\/media\/525"}],"wp:attachment":[{"href":"https:\/\/esprodouro.com\/en\/wp-json\/wp\/v2\/media?parent=18"}],"curies":[{"name":"wp","href":"https:\/\/api.w.org\/{rel}","templated":true}]}}