{"id":19,"date":"2018-02-01T13:18:54","date_gmt":"2018-02-01T13:18:54","guid":{"rendered":"https:\/\/esprodouro.com\/\/?page_id=19"},"modified":"2019-04-01T16:41:38","modified_gmt":"2019-04-01T16:41:38","slug":"avaliacao-externa","status":"publish","type":"page","link":"https:\/\/esprodouro.com\/en\/avaliacao-externa\/","title":{"rendered":"Avalia\u00e7\u00e3o Externa"},"content":{"rendered":"<p><strong>Inspe\u00e7\u00e3o Geral da Educa\u00e7\u00e3o e Ci\u00eancia<\/strong><\/p>\n<p>Relat\u00f3rio 2016 (<a href=\"\/en\/EP\/Documentos\/AvaliacaoExterna\/Relatorio_IGEC_2016.pdf\/\" target=\"_blank\" rel=\"noopener noreferrer\">aqui<\/a>)<\/p>\n<p>Acompanhamento das recomenda\u00e7\u00f5es\/sugest\u00f5es de melhoria 2017 (<a href=\"\/en\/EP\/Documentos\/AvaliacaoExterna\/Relatorio_IGEC_2017.pdf\/\" target=\"_blank\" rel=\"noopener noreferrer\">aqui<\/a>)<\/p>\n<p>&nbsp;<\/p>","protected":false},"excerpt":{"rendered":"<p>Inspe\u00e7\u00e3o Geral da Educa\u00e7\u00e3o e Ci\u00eancia Relat\u00f3rio 2016 (aqui) Acompanhamento das recomenda\u00e7\u00f5es\/sugest\u00f5es de melhoria 2017 (aqui) &nbsp;<\/p>","protected":false},"author":267,"featured_media":525,"parent":0,"menu_order":0,"comment_status":"closed","ping_status":"closed","template":"","meta":{"slim_seo":{"title":"Avalia\u00e7\u00e3o Externa - ESPRODOURO","description":"Inspe\u00e7\u00e3o Geral da Educa\u00e7\u00e3o e Ci\u00eancia Relat\u00f3rio 2016 ( aqui ) Acompanhamento das recomenda\u00e7\u00f5es\/sugest\u00f5es de melhoria 2017 ( aqui ) &nbsp;"},"footnotes":""},"class_list":["post-19","page","type-page","status-publish","has-post-thumbnail","hentry"],"blocksy_meta":{"styles_descriptor":{"styles":{"desktop":"","tablet":"","mobile":""},"google_fonts":[],"version":6}},"_links":{"self":[{"href":"https:\/\/esprodouro.com\/en\/wp-json\/wp\/v2\/pages\/19","targetHints":{"allow":["GET"]}}],"collection":[{"href":"https:\/\/esprodouro.com\/en\/wp-json\/wp\/v2\/pages"}],"about":[{"href":"https:\/\/esprodouro.com\/en\/wp-json\/wp\/v2\/types\/page"}],"author":[{"embeddable":true,"href":"https:\/\/esprodouro.com\/en\/wp-json\/wp\/v2\/users\/267"}],"replies":[{"embeddable":true,"href":"https:\/\/esprodouro.com\/en\/wp-json\/wp\/v2\/comments?post=19"}],"version-history":[{"count":0,"href":"https:\/\/esprodouro.com\/en\/wp-json\/wp\/v2\/pages\/19\/revisions"}],"wp:featuredmedia":[{"embeddable":true,"href":"https:\/\/esprodouro.com\/en\/wp-json\/wp\/v2\/media\/525"}],"wp:attachment":[{"href":"https:\/\/esprodouro.com\/en\/wp-json\/wp\/v2\/media?parent=19"}],"curies":[{"name":"wp","href":"https:\/\/api.w.org\/{rel}","templated":true}]}}