{"id":22417,"date":"2025-05-21T11:07:52","date_gmt":"2025-05-21T11:07:52","guid":{"rendered":"https:\/\/esprodouro.com\/?page_id=22417"},"modified":"2025-11-03T16:55:30","modified_gmt":"2025-11-03T16:55:30","slug":"centro-qualifica-asdouro-2024-2026","status":"publish","type":"page","link":"https:\/\/esprodouro.com\/en\/escola\/centro-qualifica-asdouro-2024-2026\/","title":{"rendered":"CENTRO QUALIFICA ASDOURO 2024\/2026"},"content":{"rendered":"<div data-elementor-type=\"wp-page\" data-elementor-id=\"22417\" class=\"elementor elementor-22417\">\n\t\t\t\t<div class=\"elementor-element elementor-element-da5ed1b e-flex e-con-boxed e-con e-parent\" data-id=\"da5ed1b\" data-element_type=\"container\" data-e-type=\"container\">\n\t\t\t\t\t<div class=\"e-con-inner\">\n\t\t\t\t<div class=\"elementor-element elementor-element-654576e elementor-widget elementor-widget-text-editor\" data-id=\"654576e\" data-element_type=\"widget\" data-e-type=\"widget\" data-widget_type=\"text-editor.default\">\n\t\t\t\t<div class=\"elementor-widget-container\">\n\t\t\t\t\t\t\t\t\t<h4>Opera\u00e7\u00e3o<\/h4><h2>CENTRO QUALIFICA ASDOURO 2024\/2026<\/h2><p>Descarregue a Ficha de Opera\u00e7\u00e3o <a href=\"https:\/\/drive.google.com\/file\/d\/1CO83GYsH-6GjxSoYUNIpVUg4CPxsg757\/view?usp=drive_link\" target=\"_blank\" rel=\"noopener\"><span style=\"color: #ff0000;\">Aqui<\/span><\/a><\/p>\t\t\t\t\t\t\t\t<\/div>\n\t\t\t\t<\/div>\n\t\t\t\t\t<\/div>\n\t\t\t\t<\/div>\n\t\t<div class=\"elementor-element elementor-element-6583cb9 e-flex e-con-boxed e-con e-parent\" data-id=\"6583cb9\" data-element_type=\"container\" data-e-type=\"container\">\n\t\t\t\t\t<div class=\"e-con-inner\">\n\t\t<div class=\"elementor-element elementor-element-a648a92 e-con-full e-flex e-con e-child\" data-id=\"a648a92\" data-element_type=\"container\" data-e-type=\"container\">\n\t\t\t\t<div class=\"elementor-element elementor-element-2bf6d32 elementor-widget elementor-widget-image\" data-id=\"2bf6d32\" data-element_type=\"widget\" data-e-type=\"widget\" data-widget_type=\"image.default\">\n\t\t\t\t<div class=\"elementor-widget-container\">\n\t\t\t\t\t\t\t\t\t\t\t\t\t\t\t<img decoding=\"async\" src=\"https:\/\/esprodouro.com\/wp-content\/uploads\/2025\/05\/pessoas-fse-01210700-esprodouro-cqualifica2024-2026-pessoas.webp\" title=\"PESSOAS FSE+ 01210700 ESPRODOURO CQUALIFICA2024 2026 PESSOAS2030 FichaOperacao\" alt=\"Pessoas fse 01210700 esprodouro cqualifica2024 2026 pessoas\" loading=\"lazy\" \/>\t\t\t\t\t\t\t\t\t\t\t\t\t\t\t<\/div>\n\t\t\t\t<\/div>\n\t\t\t\t<\/div>\n\t\t<div class=\"elementor-element elementor-element-a0636c9 e-con-full e-flex e-con e-child\" data-id=\"a0636c9\" data-element_type=\"container\" data-e-type=\"container\">\n\t\t<div class=\"elementor-element elementor-element-7c972ac e-con-full e-flex e-con e-child\" data-id=\"7c972ac\" data-element_type=\"container\" data-e-type=\"container\">\n\t\t\t\t<div class=\"elementor-element elementor-element-a0e6614 elementor-widget elementor-widget-text-editor\" data-id=\"a0e6614\" data-element_type=\"widget\" data-e-type=\"widget\" data-widget_type=\"text-editor.default\">\n\t\t\t\t<div class=\"elementor-widget-container\">\n\t\t\t\t\t\t\t\t\t<div class=\"hf-elementor-layout elementor-element elementor-element-d5c158a elementor-widget elementor-widget-heading\" data-id=\"d5c158a\" data-element_type=\"widget\" data-widget_type=\"heading.default\"><div class=\"elementor-widget-container\"><strong>Custo total eleg\u00edvel<\/strong><br \/>909 824,37\u20ac<\/div><div>\u00a0<\/div><div class=\"elementor-widget-container\"><strong>Apoio financeiro da UE<\/strong><br \/>773 350,71\u20ac<\/div><div>\u00a0<\/div><div class=\"elementor-widget-container\"><strong>Cofinanciamento da UE<\/strong><br \/>85%<\/div><div class=\"elementor-widget-container\">\u00a0<\/div><div class=\"elementor-widget-container\"><div class=\"elementor-widget-container\"><strong>Prioridade<\/strong><\/div><div class=\"elementor-widget-container\">Mais e melhor (re)qualifica\u00e7\u00e3o de adultos para crescer.<\/div><\/div><\/div><div class=\"hf-elementor-layout elementor-element elementor-element-3adee6b elementor-widget elementor-widget-text-editor\" data-id=\"3adee6b\" data-element_type=\"widget\" data-widget_type=\"text-editor.default\"><div class=\"elementor-widget-container\"><div class=\"hf-elementor-layout elementor-element elementor-element-4ed8181 elementor-widget elementor-widget-text-editor\" data-id=\"4ed8181\" data-element_type=\"widget\" data-widget_type=\"text-editor.default\"><div class=\"elementor-widget-container\">\u00a0<\/div><\/div><\/div><\/div>\t\t\t\t\t\t\t\t<\/div>\n\t\t\t\t<\/div>\n\t\t\t\t<\/div>\n\t\t<div class=\"elementor-element elementor-element-3a37563 e-con-full e-flex e-con e-child\" data-id=\"3a37563\" data-element_type=\"container\" data-e-type=\"container\">\n\t\t\t\t<div class=\"elementor-element elementor-element-a23ac9e elementor-widget elementor-widget-text-editor\" data-id=\"a23ac9e\" data-element_type=\"widget\" data-e-type=\"widget\" data-widget_type=\"text-editor.default\">\n\t\t\t\t<div class=\"elementor-widget-container\">\n\t\t\t\t\t\t\t\t\t<div class=\"elementor-widget-container\" style=\"transition: background .3s,border .3s,border-radius .3s,box-shadow .3s,transform var(--e-transform-transition-duration,.4s);\"><span style=\"font-weight: bold;\">Descri\u00e7\u00e3o da opera\u00e7\u00e3o<\/span><\/div><div class=\"elementor-widget-container\" style=\"transition: background .3s,border .3s,border-radius .3s,box-shadow .3s,transform var(--e-transform-transition-duration,.4s);\"><div class=\"elementor-widget-container\" style=\"transition: background .3s,border .3s,border-radius .3s,box-shadow .3s,transform var(--e-transform-transition-duration,.4s);\">O Centro Qualifica ASDOURO visa inscrever, orientar, encaminhar, reconhecer e validar as compet\u00eancias e experi\u00eancias adquiridas ao longo da vida dos jovens e adultos. Procura responder \u00e0s necessidades qualitativas, procurando fortalecer e expandir as respostas de educa\u00e7\u00e3o e forma\u00e7\u00e3o no nosso territ\u00f3rio, direcionadas para jovens e adultos menos qualificados, respondendo aos desafios emergentes do mercado de trabalho e \u00e0s necessidades individuais dos candidatos que pretendem alcan\u00e7ar oportunidades de desenvolvimento pessoal e profissional, valorizando a experi\u00eancia e compet\u00eancias adquiridas ao longo da vida. O CQ atua, principalmente, ministrando Processos de Reconhecimento, Valida\u00e7\u00e3o e Certifica\u00e7\u00e3o de Compet\u00eancias (RVCC) junto de p\u00fablicos com qualifica\u00e7\u00f5es abaixo do 12\u00ba ano. Espera-se atingir 5400 inscri\u00e7\u00f5es e taxa de certifica\u00e7\u00e3o superior a 80%.<\/div><\/div>\t\t\t\t\t\t\t\t<\/div>\n\t\t\t\t<\/div>\n\t\t\t\t<\/div>\n\t\t\t\t<\/div>\n\t\t\t\t\t<\/div>\n\t\t\t\t<\/div>\n\t\t<div class=\"elementor-element elementor-element-af97ae1 e-flex e-con-boxed e-con e-parent\" data-id=\"af97ae1\" data-element_type=\"container\" data-e-type=\"container\">\n\t\t\t\t\t<div class=\"e-con-inner\">\n\t\t\t\t<div class=\"elementor-element elementor-element-e629218 elementor-widget elementor-widget-video\" data-id=\"e629218\" data-element_type=\"widget\" data-e-type=\"widget\" data-settings=\"{&quot;youtube_url&quot;:&quot;https:\\\/\\\/www.youtube.com\\\/watch?v=WgtYd582H54&quot;,&quot;video_type&quot;:&quot;youtube&quot;,&quot;controls&quot;:&quot;yes&quot;}\" data-widget_type=\"video.default\">\n\t\t\t\t<div class=\"elementor-widget-container\">\n\t\t\t\t\t\t\t<div class=\"elementor-wrapper elementor-open-inline\">\n\t\t\t<div class=\"elementor-video\"><\/div>\t\t<\/div>\n\t\t\t\t\t\t<\/div>\n\t\t\t\t<\/div>\n\t\t\t\t\t<\/div>\n\t\t\t\t<\/div>\n\t\t<div class=\"elementor-element elementor-element-da0dab5 e-flex e-con-boxed e-con e-parent\" data-id=\"da0dab5\" data-element_type=\"container\" data-e-type=\"container\">\n\t\t\t\t\t<div class=\"e-con-inner\">\n\t\t\t\t<div class=\"elementor-element elementor-element-9c47587 elementor-widget elementor-widget-image\" data-id=\"9c47587\" data-element_type=\"widget\" data-e-type=\"widget\" data-widget_type=\"image.default\">\n\t\t\t\t<div class=\"elementor-widget-container\">\n\t\t\t\t\t\t\t\t\t\t\t\t\t\t\t<img fetchpriority=\"high\" decoding=\"async\" width=\"1024\" height=\"127\" src=\"https:\/\/esprodouro.com\/wp-content\/uploads\/2025\/01\/barra-cofinanciamento-pessoas-2030-01-1024x127.webp\" class=\"attachment-large size-large wp-image-21351\" alt=\"Barra Cofinanciamento Pessoas 2030 01\" srcset=\"https:\/\/esprodouro.com\/wp-content\/uploads\/2025\/01\/barra-cofinanciamento-pessoas-2030-01-1024x127.webp 1024w, https:\/\/esprodouro.com\/wp-content\/uploads\/2025\/01\/barra-cofinanciamento-pessoas-2030-01-300x37.webp 300w, https:\/\/esprodouro.com\/wp-content\/uploads\/2025\/01\/barra-cofinanciamento-pessoas-2030-01-768x95.webp 768w, https:\/\/esprodouro.com\/wp-content\/uploads\/2025\/01\/barra-cofinanciamento-pessoas-2030-01-1536x190.webp 1536w, https:\/\/esprodouro.com\/wp-content\/uploads\/2025\/01\/barra-cofinanciamento-pessoas-2030-01-18x2.webp 18w, https:\/\/esprodouro.com\/wp-content\/uploads\/2025\/01\/barra-cofinanciamento-pessoas-2030-01-220x27.webp 220w, https:\/\/esprodouro.com\/wp-content\/uploads\/2025\/01\/barra-cofinanciamento-pessoas-2030-01.webp 1920w\" sizes=\"(max-width: 1024px) 100vw, 1024px\" \/>\t\t\t\t\t\t\t\t\t\t\t\t\t\t\t<\/div>\n\t\t\t\t<\/div>\n\t\t\t\t\t<\/div>\n\t\t\t\t<\/div>\n\t\t\t\t<\/div>","protected":false},"excerpt":{"rendered":"<p>Opera\u00e7\u00e3o CENTRO QUALIFICA ASDOURO 2024\/2026 Descarregue a Ficha de Opera\u00e7\u00e3o Aqui Custo total eleg\u00edvel909 824,37\u20ac\u00a0Apoio financeiro da UE773 350,71\u20ac\u00a0Cofinanciamento da UE85%\u00a0PrioridadeMais e melhor (re)qualifica\u00e7\u00e3o de adultos para crescer.\u00a0Descri\u00e7\u00e3o da opera\u00e7\u00e3oO Centro Qualifica ASDOURO visa inscrever, orientar, encaminhar, reconhecer e validar as compet\u00eancias e experi\u00eancias adquiridas ao longo da vida dos jovens e adultos. Procura responder [&hellip;]<\/p>\n","protected":false},"author":61,"featured_media":0,"parent":12,"menu_order":0,"comment_status":"closed","ping_status":"closed","template":"","meta":{"slim_seo":{"title":"CENTRO QUALIFICA ASDOURO 2024\/2026 - ESPRODOURO","description":"Opera\u00e7\u00e3o CENTRO QUALIFICA ASDOURO 2024\/2026 Descarregue a Ficha de Opera\u00e7\u00e3o Aqui Custo total eleg\u00edvel 909 824,37\u20ac\u00a0 Apoio financeiro da UE 773 350,71\u20ac\u00a0 Cofinanci"},"footnotes":""},"class_list":["post-22417","page","type-page","status-publish","hentry"],"blocksy_meta":[],"_links":{"self":[{"href":"https:\/\/esprodouro.com\/en\/wp-json\/wp\/v2\/pages\/22417","targetHints":{"allow":["GET"]}}],"collection":[{"href":"https:\/\/esprodouro.com\/en\/wp-json\/wp\/v2\/pages"}],"about":[{"href":"https:\/\/esprodouro.com\/en\/wp-json\/wp\/v2\/types\/page"}],"author":[{"embeddable":true,"href":"https:\/\/esprodouro.com\/en\/wp-json\/wp\/v2\/users\/61"}],"replies":[{"embeddable":true,"href":"https:\/\/esprodouro.com\/en\/wp-json\/wp\/v2\/comments?post=22417"}],"version-history":[{"count":0,"href":"https:\/\/esprodouro.com\/en\/wp-json\/wp\/v2\/pages\/22417\/revisions"}],"up":[{"embeddable":true,"href":"https:\/\/esprodouro.com\/en\/wp-json\/wp\/v2\/pages\/12"}],"wp:attachment":[{"href":"https:\/\/esprodouro.com\/en\/wp-json\/wp\/v2\/media?parent=22417"}],"curies":[{"name":"wp","href":"https:\/\/api.w.org\/{rel}","templated":true}]}}