{"id":22581,"date":"2025-05-23T08:32:55","date_gmt":"2025-05-23T08:32:55","guid":{"rendered":"https:\/\/esprodouro.com\/?page_id=22581"},"modified":"2025-11-03T17:03:50","modified_gmt":"2025-11-03T17:03:50","slug":"cursos-de-educacao-e-formacao-de-jovens-cef-2023-2024-2","status":"publish","type":"page","link":"https:\/\/esprodouro.com\/en\/escola\/cursos-de-educacao-e-formacao-de-jovens-cef-2023-2024-2\/","title":{"rendered":"CURSOS DE EDUCA\u00c7\u00c3O E FORMA\u00c7\u00c3O DE JOVENS CEF 2024-2025"},"content":{"rendered":"<div data-elementor-type=\"wp-page\" data-elementor-id=\"22581\" class=\"elementor elementor-22581\">\n\t\t\t\t<div class=\"elementor-element elementor-element-da5ed1b e-flex e-con-boxed e-con e-parent\" data-id=\"da5ed1b\" data-element_type=\"container\" data-e-type=\"container\">\n\t\t\t\t\t<div class=\"e-con-inner\">\n\t\t\t\t<div class=\"elementor-element elementor-element-654576e elementor-widget elementor-widget-text-editor\" data-id=\"654576e\" data-element_type=\"widget\" data-e-type=\"widget\" data-widget_type=\"text-editor.default\">\n\t\t\t\t<div class=\"elementor-widget-container\">\n\t\t\t\t\t\t\t\t\t<h4>Opera\u00e7\u00e3o<\/h4><h2><b>CURSOS DE EDUCA\u00c7\u00c3O E FORMA\u00c7\u00c3O DE JOVENS CEF 2024-2025<\/b><\/h2><p>Descarregue a Ficha de Opera\u00e7\u00e3o <a href=\"https:\/\/drive.google.com\/file\/d\/1TetT18H9LhHphJLFTwX7LZl4zAEe6exq\/view?usp=drive_link\" target=\"_blank\" rel=\"noopener\"><span style=\"color: #ff0000;\">Aqui<\/span><\/a><\/p>\t\t\t\t\t\t\t\t<\/div>\n\t\t\t\t<\/div>\n\t\t\t\t\t<\/div>\n\t\t\t\t<\/div>\n\t\t<div class=\"elementor-element elementor-element-6583cb9 e-flex e-con-boxed e-con e-parent\" data-id=\"6583cb9\" data-element_type=\"container\" data-e-type=\"container\">\n\t\t\t\t\t<div class=\"e-con-inner\">\n\t\t<div class=\"elementor-element elementor-element-a648a92 e-con-full e-flex e-con e-child\" data-id=\"a648a92\" data-element_type=\"container\" data-e-type=\"container\">\n\t\t\t\t<div class=\"elementor-element elementor-element-2bf6d32 elementor-widget elementor-widget-image\" data-id=\"2bf6d32\" data-element_type=\"widget\" data-e-type=\"widget\" data-widget_type=\"image.default\">\n\t\t\t\t<div class=\"elementor-widget-container\">\n\t\t\t\t\t\t\t\t\t\t\t\t\t\t\t<img decoding=\"async\" src=\"https:\/\/esprodouro.com\/wp-content\/uploads\/2025\/07\/whatsapp-image-2025-07-04-at-141618.webp\" title=\"WhatsApp Image 2025 07 04 at 14.16.18\" alt=\"Whatsapp image 2025 07 04 at 141618\" loading=\"lazy\" \/>\t\t\t\t\t\t\t\t\t\t\t\t\t\t\t<\/div>\n\t\t\t\t<\/div>\n\t\t\t\t<\/div>\n\t\t<div class=\"elementor-element elementor-element-a0636c9 e-con-full e-flex e-con e-child\" data-id=\"a0636c9\" data-element_type=\"container\" data-e-type=\"container\">\n\t\t<div class=\"elementor-element elementor-element-7c972ac e-con-full e-flex e-con e-child\" data-id=\"7c972ac\" data-element_type=\"container\" data-e-type=\"container\">\n\t\t\t\t<div class=\"elementor-element elementor-element-a0e6614 elementor-widget elementor-widget-text-editor\" data-id=\"a0e6614\" data-element_type=\"widget\" data-e-type=\"widget\" data-widget_type=\"text-editor.default\">\n\t\t\t\t<div class=\"elementor-widget-container\">\n\t\t\t\t\t\t\t\t\t<div class=\"hf-elementor-layout elementor-element elementor-element-d5c158a elementor-widget elementor-widget-heading\" data-id=\"d5c158a\" data-element_type=\"widget\" data-widget_type=\"heading.default\"><div class=\"elementor-widget-container\"><strong>Custo total eleg\u00edvel<\/strong><br \/>32 755,00\u20ac<\/div><div>\u00a0<\/div><div class=\"elementor-widget-container\"><strong>Apoio financeiro da UE<\/strong><br \/>27 841,75\u20ac<\/div><div>\u00a0<\/div><div class=\"elementor-widget-container\"><strong>Cofinanciamento da UE<\/strong><br \/>85%<\/div><div class=\"elementor-widget-container\">\u00a0<\/div><div class=\"elementor-widget-container\"><div class=\"elementor-widget-container\"><strong>Prioridade<\/strong><\/div><div class=\"elementor-widget-container\">Mais e melhor inclus\u00e3o de pessoas em risco ou em situa\u00e7\u00e3o de exclus\u00e3o social.<\/div><\/div><\/div><div class=\"hf-elementor-layout elementor-element elementor-element-3adee6b elementor-widget elementor-widget-text-editor\" data-id=\"3adee6b\" data-element_type=\"widget\" data-widget_type=\"text-editor.default\"><div class=\"elementor-widget-container\"><div class=\"hf-elementor-layout elementor-element elementor-element-4ed8181 elementor-widget elementor-widget-text-editor\" data-id=\"4ed8181\" data-element_type=\"widget\" data-widget_type=\"text-editor.default\"><div class=\"elementor-widget-container\">\u00a0<\/div><\/div><\/div><\/div>\t\t\t\t\t\t\t\t<\/div>\n\t\t\t\t<\/div>\n\t\t\t\t<\/div>\n\t\t<div class=\"elementor-element elementor-element-3a37563 e-con-full e-flex e-con e-child\" data-id=\"3a37563\" data-element_type=\"container\" data-e-type=\"container\">\n\t\t\t\t<div class=\"elementor-element elementor-element-a23ac9e elementor-widget elementor-widget-text-editor\" data-id=\"a23ac9e\" data-element_type=\"widget\" data-e-type=\"widget\" data-widget_type=\"text-editor.default\">\n\t\t\t\t<div class=\"elementor-widget-container\">\n\t\t\t\t\t\t\t\t\t<div class=\"elementor-widget-container\" style=\"transition: background .3s,border .3s,border-radius .3s,box-shadow .3s,transform var(--e-transform-transition-duration,.4s);\"><span style=\"font-weight: bold;\">Descri\u00e7\u00e3o da opera\u00e7\u00e3o<\/span><\/div><div class=\"elementor-widget-container\" style=\"transition: background .3s,border .3s,border-radius .3s,box-shadow .3s,transform var(--e-transform-transition-duration,.4s);\"><div class=\"elementor-widget-container\" style=\"transition: background .3s,border .3s,border-radius .3s,box-shadow .3s,transform var(--e-transform-transition-duration,.4s);\">A ESPRODOURO &#8211; Escola Profissional do Alto Douro, com a presente opera\u00e7\u00e3o no \u00e2mbito dos apoios do Programa Pessoas 2030, atrav\u00e9s da Tipologia de Opera\u00e7\u00e3o dos Cursos de Educa\u00e7\u00e3o e Forma\u00e7\u00e3o de jovens (CEF), cofinanciado pela Uni\u00e3o Europeia, Fundo Social Europeu Mais (FSE+) e pelo Estado Portugu\u00eas, contempla 1 curso CEF de Operador de Inform\u00e1tica, N\u00edvel 2 do QNQ.<br \/>Esta opera\u00e7\u00e3o, que visa proporcionar aos alunos a conclus\u00e3o do n\u00edvel b\u00e1sico de educa\u00e7\u00e3o e prosseguimento de estudos, destina-se a jovens em risco de abandono escolar ou que n\u00e3o conclu\u00edram a escolaridade obrigat\u00f3ria, assegurando a inclus\u00e3o escolar e igualdade de oportunidades.<br \/>Quanto aos indicadores de realiza\u00e7\u00e3o e resultados, pretende-se apoiar 4 alunos e alcan\u00e7ar uma taxa de diplomados superior a 75%, promovendo a forma\u00e7\u00e3o de t\u00e9cnicos qualificados numa \u00e1rea emergente.<\/div><\/div>\t\t\t\t\t\t\t\t<\/div>\n\t\t\t\t<\/div>\n\t\t\t\t<\/div>\n\t\t\t\t<\/div>\n\t\t\t\t\t<\/div>\n\t\t\t\t<\/div>\n\t\t<div class=\"elementor-element elementor-element-da0dab5 e-flex e-con-boxed e-con e-parent\" data-id=\"da0dab5\" data-element_type=\"container\" data-e-type=\"container\">\n\t\t\t\t\t<div class=\"e-con-inner\">\n\t\t\t\t<div class=\"elementor-element elementor-element-9c47587 elementor-widget elementor-widget-image\" data-id=\"9c47587\" data-element_type=\"widget\" data-e-type=\"widget\" data-widget_type=\"image.default\">\n\t\t\t\t<div class=\"elementor-widget-container\">\n\t\t\t\t\t\t\t\t\t\t\t\t\t\t\t<img fetchpriority=\"high\" decoding=\"async\" width=\"1024\" height=\"127\" src=\"https:\/\/esprodouro.com\/wp-content\/uploads\/2025\/01\/barra-cofinanciamento-pessoas-2030-01-1024x127.webp\" class=\"attachment-large size-large wp-image-21351\" alt=\"Barra Cofinanciamento Pessoas 2030 01\" srcset=\"https:\/\/esprodouro.com\/wp-content\/uploads\/2025\/01\/barra-cofinanciamento-pessoas-2030-01-1024x127.webp 1024w, https:\/\/esprodouro.com\/wp-content\/uploads\/2025\/01\/barra-cofinanciamento-pessoas-2030-01-300x37.webp 300w, https:\/\/esprodouro.com\/wp-content\/uploads\/2025\/01\/barra-cofinanciamento-pessoas-2030-01-768x95.webp 768w, https:\/\/esprodouro.com\/wp-content\/uploads\/2025\/01\/barra-cofinanciamento-pessoas-2030-01-1536x190.webp 1536w, https:\/\/esprodouro.com\/wp-content\/uploads\/2025\/01\/barra-cofinanciamento-pessoas-2030-01-18x2.webp 18w, https:\/\/esprodouro.com\/wp-content\/uploads\/2025\/01\/barra-cofinanciamento-pessoas-2030-01-220x27.webp 220w, https:\/\/esprodouro.com\/wp-content\/uploads\/2025\/01\/barra-cofinanciamento-pessoas-2030-01.webp 1920w\" sizes=\"(max-width: 1024px) 100vw, 1024px\" \/>\t\t\t\t\t\t\t\t\t\t\t\t\t\t\t<\/div>\n\t\t\t\t<\/div>\n\t\t\t\t\t<\/div>\n\t\t\t\t<\/div>\n\t\t\t\t<\/div>","protected":false},"excerpt":{"rendered":"<p>Opera\u00e7\u00e3o CURSOS DE EDUCA\u00c7\u00c3O E FORMA\u00c7\u00c3O DE JOVENS CEF 2024-2025 Descarregue a Ficha de Opera\u00e7\u00e3o Aqui Custo total eleg\u00edvel32 755,00\u20ac\u00a0Apoio financeiro da UE27 841,75\u20ac\u00a0Cofinanciamento da UE85%\u00a0PrioridadeMais e melhor inclus\u00e3o de pessoas em risco ou em situa\u00e7\u00e3o de exclus\u00e3o social.\u00a0Descri\u00e7\u00e3o da opera\u00e7\u00e3oA ESPRODOURO &#8211; Escola Profissional do Alto Douro, com a presente opera\u00e7\u00e3o no \u00e2mbito dos [&hellip;]<\/p>\n","protected":false},"author":61,"featured_media":0,"parent":12,"menu_order":0,"comment_status":"closed","ping_status":"closed","template":"","meta":{"slim_seo":{"title":"CURSOS DE EDUCA\u00c7\u00c3O E FORMA\u00c7\u00c3O DE JOVENS CEF 2024-2025 - ESPRODOURO","description":"Opera\u00e7\u00e3o CURSOS DE EDUCA\u00c7\u00c3O E FORMA\u00c7\u00c3O DE JOVENS CEF 2024-2025 Descarregue a Ficha de Opera\u00e7\u00e3o Aqui Custo total eleg\u00edvel 32 755,00\u20ac\u00a0 Apoio financeiro da UE 27 8"},"footnotes":""},"class_list":["post-22581","page","type-page","status-publish","hentry"],"blocksy_meta":[],"_links":{"self":[{"href":"https:\/\/esprodouro.com\/en\/wp-json\/wp\/v2\/pages\/22581","targetHints":{"allow":["GET"]}}],"collection":[{"href":"https:\/\/esprodouro.com\/en\/wp-json\/wp\/v2\/pages"}],"about":[{"href":"https:\/\/esprodouro.com\/en\/wp-json\/wp\/v2\/types\/page"}],"author":[{"embeddable":true,"href":"https:\/\/esprodouro.com\/en\/wp-json\/wp\/v2\/users\/61"}],"replies":[{"embeddable":true,"href":"https:\/\/esprodouro.com\/en\/wp-json\/wp\/v2\/comments?post=22581"}],"version-history":[{"count":0,"href":"https:\/\/esprodouro.com\/en\/wp-json\/wp\/v2\/pages\/22581\/revisions"}],"up":[{"embeddable":true,"href":"https:\/\/esprodouro.com\/en\/wp-json\/wp\/v2\/pages\/12"}],"wp:attachment":[{"href":"https:\/\/esprodouro.com\/en\/wp-json\/wp\/v2\/media?parent=22581"}],"curies":[{"name":"wp","href":"https:\/\/api.w.org\/{rel}","templated":true}]}}