{"id":84,"date":"2018-02-15T10:42:33","date_gmt":"2018-02-15T10:42:33","guid":{"rendered":"https:\/\/esprodouro.com\/\/?page_id=84"},"modified":"2026-04-02T15:38:01","modified_gmt":"2026-04-02T15:38:01","slug":"asdouro","status":"publish","type":"page","link":"https:\/\/esprodouro.com\/en\/asdouro\/","title":{"rendered":"ASDOURO"},"content":{"rendered":"<div data-elementor-type=\"wp-page\" data-elementor-id=\"84\" class=\"elementor elementor-84\">\n\t\t\t\t\t\t<section class=\"elementor-section elementor-top-section elementor-element elementor-element-909f2a3 elementor-section-boxed elementor-section-height-default elementor-section-height-default\" data-id=\"909f2a3\" data-element_type=\"section\" data-e-type=\"section\">\n\t\t\t\t\t\t<div class=\"elementor-container elementor-column-gap-default\">\n\t\t\t\t\t<div class=\"elementor-column elementor-col-100 elementor-top-column elementor-element elementor-element-f8f494e\" data-id=\"f8f494e\" data-element_type=\"column\" data-e-type=\"column\">\n\t\t\t<div class=\"elementor-widget-wrap elementor-element-populated\">\n\t\t\t\t\t\t<div class=\"elementor-element elementor-element-11cba0a elementor-widget elementor-widget-image\" data-id=\"11cba0a\" data-element_type=\"widget\" data-e-type=\"widget\" data-widget_type=\"image.default\">\n\t\t\t\t<div class=\"elementor-widget-container\">\n\t\t\t\t\t\t\t\t\t\t\t\t\t\t\t<img fetchpriority=\"high\" decoding=\"async\" width=\"768\" height=\"95\" src=\"https:\/\/esprodouro.com\/wp-content\/uploads\/2025\/05\/barra-cofinanciamento-pessoas-2030-01-768x95.webp\" class=\"attachment-medium_large size-medium_large wp-image-22491\" alt=\"Barra cofinanciamento pessoas 2030 01\" srcset=\"https:\/\/esprodouro.com\/wp-content\/uploads\/2025\/05\/barra-cofinanciamento-pessoas-2030-01-768x95.webp 768w, https:\/\/esprodouro.com\/wp-content\/uploads\/2025\/05\/barra-cofinanciamento-pessoas-2030-01-300x37.webp 300w, https:\/\/esprodouro.com\/wp-content\/uploads\/2025\/05\/barra-cofinanciamento-pessoas-2030-01-1024x127.webp 1024w, https:\/\/esprodouro.com\/wp-content\/uploads\/2025\/05\/barra-cofinanciamento-pessoas-2030-01-1536x190.webp 1536w, https:\/\/esprodouro.com\/wp-content\/uploads\/2025\/05\/barra-cofinanciamento-pessoas-2030-01-18x2.webp 18w, https:\/\/esprodouro.com\/wp-content\/uploads\/2025\/05\/barra-cofinanciamento-pessoas-2030-01-220x27.webp 220w, https:\/\/esprodouro.com\/wp-content\/uploads\/2025\/05\/barra-cofinanciamento-pessoas-2030-01.webp 1920w\" sizes=\"(max-width: 768px) 100vw, 768px\" \/>\t\t\t\t\t\t\t\t\t\t\t\t\t\t\t<\/div>\n\t\t\t\t<\/div>\n\t\t\t\t\t<\/div>\n\t\t<\/div>\n\t\t\t\t\t<\/div>\n\t\t<\/section>\n\t\t\t\t<section class=\"elementor-section elementor-top-section elementor-element elementor-element-1f34118 elementor-section-boxed elementor-section-height-default elementor-section-height-default\" data-id=\"1f34118\" data-element_type=\"section\" data-e-type=\"section\">\n\t\t\t\t\t\t<div class=\"elementor-container elementor-column-gap-default\">\n\t\t\t\t\t<div class=\"elementor-column elementor-col-100 elementor-top-column elementor-element elementor-element-f7230ca\" data-id=\"f7230ca\" data-element_type=\"column\" data-e-type=\"column\">\n\t\t\t<div class=\"elementor-widget-wrap\">\n\t\t\t\t\t\t\t<\/div>\n\t\t<\/div>\n\t\t\t\t\t<\/div>\n\t\t<\/section>\n\t\t\t\t<section class=\"elementor-section elementor-top-section elementor-element elementor-element-7d713e10 elementor-section-boxed elementor-section-height-default elementor-section-height-default\" data-id=\"7d713e10\" data-element_type=\"section\" data-e-type=\"section\">\n\t\t\t\t\t\t<div class=\"elementor-container elementor-column-gap-default\">\n\t\t\t\t\t<div class=\"elementor-column elementor-col-100 elementor-top-column elementor-element elementor-element-1961dc06\" data-id=\"1961dc06\" data-element_type=\"column\" data-e-type=\"column\">\n\t\t\t<div class=\"elementor-widget-wrap elementor-element-populated\">\n\t\t\t\t\t\t<div class=\"elementor-element elementor-element-25104580 elementor-widget elementor-widget-heading\" data-id=\"25104580\" data-element_type=\"widget\" data-e-type=\"widget\" data-widget_type=\"heading.default\">\n\t\t\t\t<div class=\"elementor-widget-container\">\n\t\t\t\t\t<h1 class=\"elementor-heading-title elementor-size-default\">ASDOURO<\/h1>\t\t\t\t<\/div>\n\t\t\t\t<\/div>\n\t\t\t\t<div class=\"elementor-element elementor-element-49ac9466 elementor-widget elementor-widget-heading\" data-id=\"49ac9466\" data-element_type=\"widget\" data-e-type=\"widget\" data-widget_type=\"heading.default\">\n\t\t\t\t<div class=\"elementor-widget-container\">\n\t\t\t\t\t<h5 class=\"elementor-heading-title elementor-size-default\">Associa\u00e7\u00e3o de Desenvolvimento do Ensino e Forma\u00e7\u00e3o Profissional do Alto do Douro<br><\/h5>\t\t\t\t<\/div>\n\t\t\t\t<\/div>\n\t\t\t\t<div class=\"elementor-element elementor-element-5b2a3755 elementor-widget-divider--view-line elementor-widget elementor-widget-divider\" data-id=\"5b2a3755\" data-element_type=\"widget\" data-e-type=\"widget\" data-widget_type=\"divider.default\">\n\t\t\t\t<div class=\"elementor-widget-container\">\n\t\t\t\t\t\t\t<div class=\"elementor-divider\">\n\t\t\t<span class=\"elementor-divider-separator\">\n\t\t\t\t\t\t<\/span>\n\t\t<\/div>\n\t\t\t\t\t\t<\/div>\n\t\t\t\t<\/div>\n\t\t\t\t<div class=\"elementor-element elementor-element-58ed4f5a elementor-widget elementor-widget-toggle\" data-id=\"58ed4f5a\" data-element_type=\"widget\" data-e-type=\"widget\" data-widget_type=\"toggle.default\">\n\t\t\t\t<div class=\"elementor-widget-container\">\n\t\t\t\t\t\t\t<div class=\"elementor-toggle\">\n\t\t\t\t\t\t\t<div class=\"elementor-toggle-item\">\n\t\t\t\t\t<div id=\"elementor-tab-title-1491\" class=\"elementor-tab-title\" data-tab=\"1\" role=\"button\" aria-controls=\"elementor-tab-content-1491\" aria-expanded=\"false\">\n\t\t\t\t\t\t\t\t\t\t\t\t<span class=\"elementor-toggle-icon elementor-toggle-icon-left\" aria-hidden=\"true\">\n\t\t\t\t\t\t\t\t\t\t\t\t\t\t\t<span class=\"elementor-toggle-icon-closed\"><svg class=\"e-font-icon-svg e-fas-caret-right\" viewbox=\"0 0 192 512\" xmlns=\"http:\/\/www.w3.org\/2000\/svg\"><path d=\"M0 384.662V127.338c0-17.818 21.543-26.741 34.142-14.142l128.662 128.662c7.81 7.81 7.81 20.474 0 28.284L34.142 398.804C21.543 411.404 0 402.48 0 384.662z\"><\/path><\/svg><\/span>\n\t\t\t\t\t\t\t\t<span class=\"elementor-toggle-icon-opened\"><svg class=\"elementor-toggle-icon-opened e-font-icon-svg e-fas-caret-up\" viewbox=\"0 0 320 512\" xmlns=\"http:\/\/www.w3.org\/2000\/svg\"><path d=\"M288.662 352H31.338c-17.818 0-26.741-21.543-14.142-34.142l128.662-128.662c7.81-7.81 20.474-7.81 28.284 0l128.662 128.662c12.6 12.599 3.676 34.142-14.142 34.142z\"><\/path><\/svg><\/span>\n\t\t\t\t\t\t\t\t\t\t\t\t\t<\/span>\n\t\t\t\t\t\t\t\t\t\t\t\t<a class=\"elementor-toggle-title\" tabindex=\"0\">PLANOS DE ATIVIDADES E OR\u00c7AMENTO<\/a>\n\t\t\t\t\t<\/div>\n\n\t\t\t\t\t<div id=\"elementor-tab-content-1491\" class=\"elementor-tab-content elementor-clearfix\" data-tab=\"1\" role=\"region\" aria-labelledby=\"elementor-tab-title-1491\"><p><a href=\"https:\/\/esprodouro.com\/wp-content\/uploads\/2026\/04\/Plano-de-Atividades-e-Orcamento-2026.pdf\">PLANO DE ATIVIDADES E OR\u00c7AMENTO 2026<\/a><\/p><p><a href=\"https:\/\/esprodouro.com\/wp-content\/uploads\/2024\/12\/Plano_de_Atividades_e_Orcamento_2025.pdf\">PLANO DE ATIVIDADES E OR\u00c7AMENTO 2025<\/a><\/p><p><a href=\"https:\/\/esprodouro.com\/wp-content\/uploads\/2024\/10\/Plano-de-Atividades-e-Orcamento-2024.pdf\">PLANO DE ATIVIDADES E OR\u00c7AMENTO 2024<\/a><\/p><p><a href=\"https:\/\/esprodouro.com\/wp-content\/uploads\/2023\/04\/Plano-de-Atividades-e-Orcamento-2023.pdf\">PLANO DE ATIVIDADES E OR\u00c7AMENTO 2023<\/a><\/p><p><a href=\"https:\/\/esprodouro.com\/wp-content\/uploads\/2022\/01\/Plano-de-Atividades-e-Orcamento-2022.pdf\">PLANO DE ATIVIDADES E OR\u00c7AMENTO 2022<\/a><\/p><p><a href=\"https:\/\/esprodouro.com\/wp-content\/uploads\/2022\/01\/PA-orcamento-2021.pdf\">PLANO DE ATIVIDADES E OR\u00c7AMENTO 2021<\/a><\/p><p><a href=\"https:\/\/esprodouro.com\/wp-content\/uploads\/2020\/02\/Plano-de-Atividades-e-Or\u00e7amento-2020.pdf\">PLANO DE ATIVIDADES E OR\u00c7AMENTO 2020<\/a><\/p><p><a href=\"https:\/\/esprodouro.com\/wp-content\/uploads\/2019\/03\/PA_2019.pdf\">PLANO DE ATIVIDADES E OR\u00c7AMENTO 2019<\/a><\/p><\/div>\n\t\t\t\t<\/div>\n\t\t\t\t\t\t\t<div class=\"elementor-toggle-item\">\n\t\t\t\t\t<div id=\"elementor-tab-title-1492\" class=\"elementor-tab-title\" data-tab=\"2\" role=\"button\" aria-controls=\"elementor-tab-content-1492\" aria-expanded=\"false\">\n\t\t\t\t\t\t\t\t\t\t\t\t<span class=\"elementor-toggle-icon elementor-toggle-icon-left\" aria-hidden=\"true\">\n\t\t\t\t\t\t\t\t\t\t\t\t\t\t\t<span class=\"elementor-toggle-icon-closed\"><svg class=\"e-font-icon-svg e-fas-caret-right\" viewbox=\"0 0 192 512\" xmlns=\"http:\/\/www.w3.org\/2000\/svg\"><path d=\"M0 384.662V127.338c0-17.818 21.543-26.741 34.142-14.142l128.662 128.662c7.81 7.81 7.81 20.474 0 28.284L34.142 398.804C21.543 411.404 0 402.48 0 384.662z\"><\/path><\/svg><\/span>\n\t\t\t\t\t\t\t\t<span class=\"elementor-toggle-icon-opened\"><svg class=\"elementor-toggle-icon-opened e-font-icon-svg e-fas-caret-up\" viewbox=\"0 0 320 512\" xmlns=\"http:\/\/www.w3.org\/2000\/svg\"><path d=\"M288.662 352H31.338c-17.818 0-26.741-21.543-14.142-34.142l128.662-128.662c7.81-7.81 20.474-7.81 28.284 0l128.662 128.662c12.6 12.599 3.676 34.142-14.142 34.142z\"><\/path><\/svg><\/span>\n\t\t\t\t\t\t\t\t\t\t\t\t\t<\/span>\n\t\t\t\t\t\t\t\t\t\t\t\t<a class=\"elementor-toggle-title\" tabindex=\"0\">RELAT\u00d3RIOS DE GEST\u00c3O E CONTAS<\/a>\n\t\t\t\t\t<\/div>\n\n\t\t\t\t\t<div id=\"elementor-tab-content-1492\" class=\"elementor-tab-content elementor-clearfix\" data-tab=\"2\" role=\"region\" aria-labelledby=\"elementor-tab-title-1492\"><p><a href=\"https:\/\/esprodouro.com\/wp-content\/uploads\/2026\/04\/Esprodouro.pdf\">RELAT\u00d3RIO DE GEST\u00c3O E CONTAS \u2013 2025<\/a><\/p><p><a href=\"https:\/\/esprodouro.com\/wp-content\/uploads\/2025\/04\/Relatorio_de_Gestao__Contas_de__2024_20250430154437.pdf\">RELAT\u00d3RIO DE GEST\u00c3O E CONTAS \u2013 2024<\/a><\/p><p><a href=\"https:\/\/esprodouro.com\/wp-content\/uploads\/2024\/10\/Relatorio-Gestao-e-Contas-2023.pdf\">RELAT\u00d3RIO DE GEST\u00c3O E CONTAS \u2013 2023<\/a><\/p><p><a href=\"https:\/\/esprodouro.com\/wp-content\/uploads\/2023\/04\/RELATORIO-DE-GESTAO-E-CONTAS-DE-2022-1.pdf\">RELAT\u00d3RIO DE GEST\u00c3O E CONTAS \u2013 2022\u00a0<\/a><\/p><p><a href=\"https:\/\/esprodouro.com\/wp-content\/uploads\/2022\/05\/RELATORIO-DE-GESTAO-E-CONTAS-DE-2021.pdf\">RELAT\u00d3RIO DE GEST\u00c3O E CONTAS \u2013 2021\u00a0<\/a><\/p><p><a href=\"https:\/\/esprodouro.com\/wp-content\/uploads\/2022\/01\/Rgcontas-2020.pdf\">RELAT\u00d3RIO DE GEST\u00c3O E\u00a0CONTAS \u2013 2020<\/a><\/p><p><a href=\"https:\/\/esprodouro.com\/wp-content\/uploads\/2020\/02\/Relat\u00f3rio-de-Gest\u00e3o-Contas-2019.pdf\">RELAT\u00d3RIO DE GEST\u00c3O E\u00a0CONTAS \u2013 2019<\/a><\/p><p><a href=\"https:\/\/esprodouro.com\/wp-content\/uploads\/2022\/01\/Relatorio-GC-2018.pdf\">RELAT\u00d3RIO DE GEST\u00c3O E\u00a0CONTAS \u2013 2018<\/a><\/p><\/div>\n\t\t\t\t<\/div>\n\t\t\t\t\t\t\t<div class=\"elementor-toggle-item\">\n\t\t\t\t\t<div id=\"elementor-tab-title-1493\" class=\"elementor-tab-title\" data-tab=\"3\" role=\"button\" aria-controls=\"elementor-tab-content-1493\" aria-expanded=\"false\">\n\t\t\t\t\t\t\t\t\t\t\t\t<span class=\"elementor-toggle-icon elementor-toggle-icon-left\" aria-hidden=\"true\">\n\t\t\t\t\t\t\t\t\t\t\t\t\t\t\t<span class=\"elementor-toggle-icon-closed\"><svg class=\"e-font-icon-svg e-fas-caret-right\" viewbox=\"0 0 192 512\" xmlns=\"http:\/\/www.w3.org\/2000\/svg\"><path d=\"M0 384.662V127.338c0-17.818 21.543-26.741 34.142-14.142l128.662 128.662c7.81 7.81 7.81 20.474 0 28.284L34.142 398.804C21.543 411.404 0 402.48 0 384.662z\"><\/path><\/svg><\/span>\n\t\t\t\t\t\t\t\t<span class=\"elementor-toggle-icon-opened\"><svg class=\"elementor-toggle-icon-opened e-font-icon-svg e-fas-caret-up\" viewbox=\"0 0 320 512\" xmlns=\"http:\/\/www.w3.org\/2000\/svg\"><path d=\"M288.662 352H31.338c-17.818 0-26.741-21.543-14.142-34.142l128.662-128.662c7.81-7.81 20.474-7.81 28.284 0l128.662 128.662c12.6 12.599 3.676 34.142-14.142 34.142z\"><\/path><\/svg><\/span>\n\t\t\t\t\t\t\t\t\t\t\t\t\t<\/span>\n\t\t\t\t\t\t\t\t\t\t\t\t<a class=\"elementor-toggle-title\" tabindex=\"0\">ESTATUTOS ASDOURO<\/a>\n\t\t\t\t\t<\/div>\n\n\t\t\t\t\t<div id=\"elementor-tab-content-1493\" class=\"elementor-tab-content elementor-clearfix\" data-tab=\"3\" role=\"region\" aria-labelledby=\"elementor-tab-title-1493\"><p><a href=\"https:\/\/esprodouro.com\/wp-content\/uploads\/2024\/12\/Estatutos_ASDOURO_2024.pdf\">ESTATUTOS DA ASDOURO<\/a><\/p><p><a href=\"https:\/\/esprodouro.com\/wp-content\/uploads\/2022\/01\/Publicacao-da-ASDOURO-no-D.R..pdf\">PUBLICA\u00c7\u00c3O EM DI\u00c1RIO DA R\u00c9PUBLICA DA CONSTITUI\u00c7\u00c3O DA ASDOURO<\/a><\/p><p><a href=\"https:\/\/esprodouro.com\/wp-content\/uploads\/2022\/01\/1789317894.pdf\">DESPACHO DE CRIA\u00c7\u00c3O DO CENTRO QUALIFICA (DC N.\u00ba 804\/2002 de 28 de outubro)<\/a><\/p><\/div>\n\t\t\t\t<\/div>\n\t\t\t\t\t\t\t\t<\/div>\n\t\t\t\t\t\t<\/div>\n\t\t\t\t<\/div>\n\t\t\t\t<div class=\"elementor-element elementor-element-7e5c6a2 elementor-widget elementor-widget-image\" data-id=\"7e5c6a2\" data-element_type=\"widget\" data-e-type=\"widget\" data-widget_type=\"image.default\">\n\t\t\t\t<div class=\"elementor-widget-container\">\n\t\t\t\t\t\t\t\t\t\t\t\t\t\t\t<img decoding=\"async\" width=\"300\" height=\"87\" src=\"https:\/\/esprodouro.com\/wp-content\/uploads\/2020\/04\/asdouro-300x87.webp\" class=\"attachment-medium size-medium wp-image-5363\" alt=\"Asdouro\" srcset=\"https:\/\/esprodouro.com\/wp-content\/uploads\/2020\/04\/asdouro-300x87.webp 300w, https:\/\/esprodouro.com\/wp-content\/uploads\/2020\/04\/asdouro-18x5.webp 18w, https:\/\/esprodouro.com\/wp-content\/uploads\/2020\/04\/asdouro.webp 632w\" sizes=\"(max-width: 300px) 100vw, 300px\" \/>\t\t\t\t\t\t\t\t\t\t\t\t\t\t\t<\/div>\n\t\t\t\t<\/div>\n\t\t\t\t<div class=\"elementor-element elementor-element-4ad4f2e elementor-widget elementor-widget-spacer\" data-id=\"4ad4f2e\" data-element_type=\"widget\" data-e-type=\"widget\" data-widget_type=\"spacer.default\">\n\t\t\t\t<div class=\"elementor-widget-container\">\n\t\t\t\t\t\t\t<div class=\"elementor-spacer\">\n\t\t\t<div class=\"elementor-spacer-inner\"><\/div>\n\t\t<\/div>\n\t\t\t\t\t\t<\/div>\n\t\t\t\t<\/div>\n\t\t\t\t\t<\/div>\n\t\t<\/div>\n\t\t\t\t\t<\/div>\n\t\t<\/section>\n\t\t\t\t<section class=\"elementor-section elementor-top-section elementor-element elementor-element-22a6cc6 elementor-section-boxed elementor-section-height-default elementor-section-height-default\" data-id=\"22a6cc6\" data-element_type=\"section\" data-e-type=\"section\">\n\t\t\t\t\t\t<div class=\"elementor-container elementor-column-gap-default\">\n\t\t\t\t\t<div class=\"elementor-column elementor-col-50 elementor-top-column elementor-element elementor-element-d44bb79\" data-id=\"d44bb79\" data-element_type=\"column\" data-e-type=\"column\">\n\t\t\t<div class=\"elementor-widget-wrap elementor-element-populated\">\n\t\t\t\t\t\t<div class=\"elementor-element elementor-element-a8f7d58 elementor-widget elementor-widget-heading\" data-id=\"a8f7d58\" data-element_type=\"widget\" data-e-type=\"widget\" data-widget_type=\"heading.default\">\n\t\t\t\t<div class=\"elementor-widget-container\">\n\t\t\t\t\t<h5 class=\"elementor-heading-title elementor-size-default\"><span style=\"--fontWeight: 700;--fontSize: 20px;--lineHeight: 1.5;margin-top: var(--content-spacing);margin-right: var(--default-editor, auto);margin-bottom: calc(0.2em + 10px);margin-left: var(--default-editor, auto);border: none;font-size: var(--fontSize);line-height: var(--lineHeight);color: var(--heading-color, var(--heading-5-color, var(--headings-color)));font-weight: var(--fontWeight);width: var(--default-editor, var(--block-width));max-width: var(--default-editor, var(--block-max-width));white-space: normal\">A ASDOURO \u00c9 UMA ENTIDADE COM FINANCIAMENTO P\u00daBLICO E EUROPEU PELOS SEGUINTES PROGRAMAS:<\/span><\/h5>\t\t\t\t<\/div>\n\t\t\t\t<\/div>\n\t\t\t\t\t<\/div>\n\t\t<\/div>\n\t\t\t\t<div class=\"elementor-column elementor-col-50 elementor-top-column elementor-element elementor-element-8646b70\" data-id=\"8646b70\" data-element_type=\"column\" data-e-type=\"column\">\n\t\t\t<div class=\"elementor-widget-wrap elementor-element-populated\">\n\t\t\t\t\t\t<div class=\"elementor-element elementor-element-3c4bd60 elementor-widget elementor-widget-image\" data-id=\"3c4bd60\" data-element_type=\"widget\" data-e-type=\"widget\" data-widget_type=\"image.default\">\n\t\t\t\t<div class=\"elementor-widget-container\">\n\t\t\t\t\t\t\t\t\t\t\t\t\t\t\t<img decoding=\"async\" width=\"1024\" height=\"358\" src=\"https:\/\/esprodouro.com\/wp-content\/uploads\/2025\/05\/logos-complemento-esprodouropessoas2030-color-01-1024x358.webp\" class=\"attachment-large size-large wp-image-22633\" alt=\"Logos complemento esprodouropessoas2030 color 01\" srcset=\"https:\/\/esprodouro.com\/wp-content\/uploads\/2025\/05\/logos-complemento-esprodouropessoas2030-color-01-1024x358.webp 1024w, https:\/\/esprodouro.com\/wp-content\/uploads\/2025\/05\/logos-complemento-esprodouropessoas2030-color-01-300x105.webp 300w, https:\/\/esprodouro.com\/wp-content\/uploads\/2025\/05\/logos-complemento-esprodouropessoas2030-color-01-768x268.webp 768w, https:\/\/esprodouro.com\/wp-content\/uploads\/2025\/05\/logos-complemento-esprodouropessoas2030-color-01-18x6.webp 18w, https:\/\/esprodouro.com\/wp-content\/uploads\/2025\/05\/logos-complemento-esprodouropessoas2030-color-01-143x50.webp 143w, https:\/\/esprodouro.com\/wp-content\/uploads\/2025\/05\/logos-complemento-esprodouropessoas2030-color-01.webp 1122w\" sizes=\"(max-width: 1024px) 100vw, 1024px\" \/>\t\t\t\t\t\t\t\t\t\t\t\t\t\t\t<\/div>\n\t\t\t\t<\/div>\n\t\t\t\t\t<\/div>\n\t\t<\/div>\n\t\t\t\t\t<\/div>\n\t\t<\/section>\n\t\t\t\t<\/div>","protected":false},"excerpt":{"rendered":"<p>ASDOURO Associa\u00e7\u00e3o de Desenvolvimento do Ensino e Forma\u00e7\u00e3o Profissional do Alto do Douro PLANOS DE ATIVIDADES E OR\u00c7AMENTO PLANO DE ATIVIDADES E OR\u00c7AMENTO 2026 PLANO DE ATIVIDADES E OR\u00c7AMENTO 2025 PLANO DE ATIVIDADES E OR\u00c7AMENTO 2024 PLANO DE ATIVIDADES E OR\u00c7AMENTO 2023 PLANO DE ATIVIDADES E OR\u00c7AMENTO 2022 PLANO DE ATIVIDADES E OR\u00c7AMENTO 2021 PLANO [&hellip;]<\/p>\n","protected":false},"author":267,"featured_media":522,"parent":0,"menu_order":0,"comment_status":"closed","ping_status":"closed","template":"","meta":{"slim_seo":{"title":"ASDOURO - ESPRODOURO","description":"ASDOURO Associa\u00e7\u00e3o de Desenvolvimento do Ensino e Forma\u00e7\u00e3o Profissional do Alto do Douro PLANOS DE ATIVIDADES E OR\u00c7AMENTO PLANO DE ATIVIDADES E OR\u00c7AMENTO 2026 P"},"footnotes":""},"class_list":["post-84","page","type-page","status-publish","has-post-thumbnail","hentry"],"blocksy_meta":{"styles_descriptor":{"styles":{"desktop":"","tablet":"","mobile":""},"google_fonts":[],"version":6}},"_links":{"self":[{"href":"https:\/\/esprodouro.com\/en\/wp-json\/wp\/v2\/pages\/84","targetHints":{"allow":["GET"]}}],"collection":[{"href":"https:\/\/esprodouro.com\/en\/wp-json\/wp\/v2\/pages"}],"about":[{"href":"https:\/\/esprodouro.com\/en\/wp-json\/wp\/v2\/types\/page"}],"author":[{"embeddable":true,"href":"https:\/\/esprodouro.com\/en\/wp-json\/wp\/v2\/users\/267"}],"replies":[{"embeddable":true,"href":"https:\/\/esprodouro.com\/en\/wp-json\/wp\/v2\/comments?post=84"}],"version-history":[{"count":0,"href":"https:\/\/esprodouro.com\/en\/wp-json\/wp\/v2\/pages\/84\/revisions"}],"wp:featuredmedia":[{"embeddable":true,"href":"https:\/\/esprodouro.com\/en\/wp-json\/wp\/v2\/media\/522"}],"wp:attachment":[{"href":"https:\/\/esprodouro.com\/en\/wp-json\/wp\/v2\/media?parent=84"}],"curies":[{"name":"wp","href":"https:\/\/api.w.org\/{rel}","templated":true}]}}